{"id":485,"date":"2022-04-14T12:14:48","date_gmt":"2022-04-14T10:14:48","guid":{"rendered":"https:\/\/trommelberg.visionenmaler.de\/?page_id=485"},"modified":"2026-01-19T15:48:08","modified_gmt":"2026-01-19T14:48:08","slug":"datenschutz","status":"publish","type":"page","link":"https:\/\/trommelberg.visionenmaler.de\/en\/datenschutz\/","title":{"rendered":"Privacy"},"content":{"rendered":"<div data-elementor-type=\"wp-page\" data-elementor-id=\"485\" class=\"elementor elementor-485\" data-elementor-post-type=\"page\">\n\t\t\t\t<div class=\"elementor-element elementor-element-2d5de363 e-flex e-con-boxed e-con e-parent\" data-id=\"2d5de363\" data-element_type=\"container\" data-e-type=\"container\">\n\t\t\t\t\t<div class=\"e-con-inner\">\n\t\t<div class=\"elementor-element elementor-element-738d12a2 e-con-full e-flex e-con e-child\" data-id=\"738d12a2\" data-element_type=\"container\" data-e-type=\"container\">\n\t\t\t\t<div class=\"elementor-element elementor-element-5d5b808b elementor-widget elementor-widget-heading\" data-id=\"5d5b808b\" data-element_type=\"widget\" data-e-type=\"widget\" data-widget_type=\"heading.default\">\n\t\t\t\t<div class=\"elementor-widget-container\">\n\t\t\t\t\t<h1 class=\"elementor-heading-title elementor-size-default\">Privacy policy<\/h1>\t\t\t\t<\/div>\n\t\t\t\t<\/div>\n\t\t\t\t<div class=\"elementor-element elementor-element-4f9efccf elementor-widget elementor-widget-text-editor\" data-id=\"4f9efccf\" data-element_type=\"widget\" data-e-type=\"widget\" data-widget_type=\"text-editor.default\">\n\t\t\t\t<div class=\"elementor-widget-container\">\n\t\t\t\t\t\t\t\t\t<p>We are very delighted that you have shown interest in our enterprise. Data protection is of a particularly high priority for the management of the August Handel GmbH. The use of the Internet pages of the August Handel GmbH is possible without any indication of personal data. However, if a data subject wishes to make use of special services of our company via our website, it may be necessary to process personal data. If the processing of personal data is necessary and there is no legal basis for such processing, we generally obtain the consent of the data subject.<\/p>\t\t\t\t\t\t\t\t<\/div>\n\t\t\t\t<\/div>\n\t\t\t\t<div class=\"elementor-element elementor-element-7a126353 elementor-widget elementor-widget-text-editor\" data-id=\"7a126353\" data-element_type=\"widget\" data-e-type=\"widget\" data-widget_type=\"text-editor.default\">\n\t\t\t\t<div class=\"elementor-widget-container\">\n\t\t\t\t\t\t\t\t\t<p>Die Verarbeitung personenbezogener Daten, beispielsweise des Namens, der Anschrift, E-Mail-Adresse oder Telefonnummer einer betroffenen Person, erfolgt stets im Einklang mit der Datenschutz-Grundverordnung und in \u00dcbereinstimmung mit den f\u00fcr die August Handel GmbH geltenden landesspezifischen Datenschutzbestimmungen. Mittels dieser Datenschutzerkl\u00e4rung m\u00f6chte unser Unternehmen die \u00d6ffentlichkeit \u00fcber Art, Umfang und Zweck der von uns erhobenen, genutzten und verarbeiteten personenbezogenen Daten informieren. Ferner werden betroffene Personen mittels dieser Datenschutzerkl\u00e4rung \u00fcber die ihnen zustehenden Rechte aufgekl\u00e4rt.<\/p>\t\t\t\t\t\t\t\t<\/div>\n\t\t\t\t<\/div>\n\t\t\t\t<div class=\"elementor-element elementor-element-6e4f6a59 elementor-widget elementor-widget-text-editor\" data-id=\"6e4f6a59\" data-element_type=\"widget\" data-e-type=\"widget\" data-widget_type=\"text-editor.default\">\n\t\t\t\t<div class=\"elementor-widget-container\">\n\t\t\t\t\t\t\t\t\t<p>As the controller, the August Handel GmbH has implemented numerous technical and organisational measures to ensure the most complete protection of personal data processed through this website. Nevertheless, Internet-based data transmissions can generally have security gaps, so that absolute protection cannot be guaranteed. For this reason, every data subject is free to transmit personal data to us by alternative means, for example by telephone.<\/p>\t\t\t\t\t\t\t\t<\/div>\n\t\t\t\t<\/div>\n\t\t\t\t<\/div>\n\t\t<div class=\"elementor-element elementor-element-3ff0af2d e-con-full e-flex e-con e-child\" data-id=\"3ff0af2d\" data-element_type=\"container\" data-e-type=\"container\">\n\t\t\t\t<div class=\"elementor-element elementor-element-75f1620f elementor-widget elementor-widget-heading\" data-id=\"75f1620f\" data-element_type=\"widget\" data-e-type=\"widget\" data-widget_type=\"heading.default\">\n\t\t\t\t<div class=\"elementor-widget-container\">\n\t\t\t\t\t<h2 class=\"elementor-heading-title elementor-size-default\">Begriffs&shy;bestimmungen<\/h2>\t\t\t\t<\/div>\n\t\t\t\t<\/div>\n\t\t\t\t<div class=\"elementor-element elementor-element-3a72b17a elementor-widget elementor-widget-text-editor\" data-id=\"3a72b17a\" data-element_type=\"widget\" data-e-type=\"widget\" data-widget_type=\"text-editor.default\">\n\t\t\t\t<div class=\"elementor-widget-container\">\n\t\t\t\t\t\t\t\t\t<p>The data protection declaration of the August Handel GmbH is based on the terms used by the European legislator for the adoption of the General Data Protection Regulation (GDPR). Our privacy policy should be easy to read and understand for the public as well as for our customers and business partners. To ensure this, we would like to explain the terms used in advance.<\/p>\t\t\t\t\t\t\t\t<\/div>\n\t\t\t\t<\/div>\n\t\t\t\t<div class=\"elementor-element elementor-element-481c3f46 elementor-widget elementor-widget-text-editor\" data-id=\"481c3f46\" data-element_type=\"widget\" data-e-type=\"widget\" data-widget_type=\"text-editor.default\">\n\t\t\t\t<div class=\"elementor-widget-container\">\n\t\t\t\t\t\t\t\t\t<p>We use the following terms, among others, in this privacy policy:<\/p>\t\t\t\t\t\t\t\t<\/div>\n\t\t\t\t<\/div>\n\t\t\t\t<div class=\"elementor-element elementor-element-a12e75f auto-count elementor-widget elementor-widget-heading\" data-id=\"a12e75f\" data-element_type=\"widget\" data-e-type=\"widget\" data-widget_type=\"heading.default\">\n\t\t\t\t<div class=\"elementor-widget-container\">\n\t\t\t\t\t<h3 class=\"elementor-heading-title elementor-size-default\">personen&shy;bezogene Daten<\/h3>\t\t\t\t<\/div>\n\t\t\t\t<\/div>\n\t\t\t\t<div class=\"elementor-element elementor-element-5228ed elementor-widget elementor-widget-text-editor\" data-id=\"5228ed\" data-element_type=\"widget\" data-e-type=\"widget\" data-widget_type=\"text-editor.default\">\n\t\t\t\t<div class=\"elementor-widget-container\">\n\t\t\t\t\t\t\t\t\t<p>Personal data means any information relating to an identified or identifiable natural person (hereinafter referred to as \u201edata subject\u201c). An identifiable natural person is one who can be identified, directly or indirectly, in particular by reference to an identifier such as a name, an identification number, location data, an online identifier or to one or more factors specific to the physical, physiological, genetic, mental, economic, cultural or social identity of that natural person.<\/p>\t\t\t\t\t\t\t\t<\/div>\n\t\t\t\t<\/div>\n\t\t\t\t<div class=\"elementor-element elementor-element-404ed549 elementor-widget elementor-widget-heading\" data-id=\"404ed549\" data-element_type=\"widget\" data-e-type=\"widget\" data-widget_type=\"heading.default\">\n\t\t\t\t<div class=\"elementor-widget-container\">\n\t\t\t\t\t<h3 class=\"elementor-heading-title elementor-size-default\">betroffene Person<\/h3>\t\t\t\t<\/div>\n\t\t\t\t<\/div>\n\t\t\t\t<div class=\"elementor-element elementor-element-282e7ad2 elementor-widget elementor-widget-text-editor\" data-id=\"282e7ad2\" data-element_type=\"widget\" data-e-type=\"widget\" data-widget_type=\"text-editor.default\">\n\t\t\t\t<div class=\"elementor-widget-container\">\n\t\t\t\t\t\t\t\t\t<p>Data subject is any identified or identifiable natural person whose personal data is processed by the controller responsible for the processing.<\/p>\t\t\t\t\t\t\t\t<\/div>\n\t\t\t\t<\/div>\n\t\t\t\t<div class=\"elementor-element elementor-element-476f6c13 elementor-widget elementor-widget-heading\" data-id=\"476f6c13\" data-element_type=\"widget\" data-e-type=\"widget\" data-widget_type=\"heading.default\">\n\t\t\t\t<div class=\"elementor-widget-container\">\n\t\t\t\t\t<h3 class=\"elementor-heading-title elementor-size-default\">Processing<\/h3>\t\t\t\t<\/div>\n\t\t\t\t<\/div>\n\t\t\t\t<div class=\"elementor-element elementor-element-31ac4e1e elementor-widget elementor-widget-text-editor\" data-id=\"31ac4e1e\" data-element_type=\"widget\" data-e-type=\"widget\" data-widget_type=\"text-editor.default\">\n\t\t\t\t<div class=\"elementor-widget-container\">\n\t\t\t\t\t\t\t\t\t<p>Processing is any operation or set of operations which is performed on personal data or on sets of personal data, whether or not by automated means, such as collection, recording, organisation, structuring, storage, adaptation or alteration, retrieval, consultation, use, disclosure by transmission, dissemination or otherwise making available, alignment or combination, restriction, erasure or destruction.<\/p>\t\t\t\t\t\t\t\t<\/div>\n\t\t\t\t<\/div>\n\t\t\t\t<div class=\"elementor-element elementor-element-235283e4 elementor-widget elementor-widget-heading\" data-id=\"235283e4\" data-element_type=\"widget\" data-e-type=\"widget\" data-widget_type=\"heading.default\">\n\t\t\t\t<div class=\"elementor-widget-container\">\n\t\t\t\t\t<h3 class=\"elementor-heading-title elementor-size-default\">Einschr\u00e4nkung der Verarbeitung<\/h3>\t\t\t\t<\/div>\n\t\t\t\t<\/div>\n\t\t\t\t<div class=\"elementor-element elementor-element-13cf0727 elementor-widget elementor-widget-text-editor\" data-id=\"13cf0727\" data-element_type=\"widget\" data-e-type=\"widget\" data-widget_type=\"text-editor.default\">\n\t\t\t\t<div class=\"elementor-widget-container\">\n\t\t\t\t\t\t\t\t\t<p>Restriction of processing is the marking of stored personal data with the aim of restricting its future processing.<\/p>\t\t\t\t\t\t\t\t<\/div>\n\t\t\t\t<\/div>\n\t\t\t\t<div class=\"elementor-element elementor-element-384dfcf7 elementor-widget elementor-widget-heading\" data-id=\"384dfcf7\" data-element_type=\"widget\" data-e-type=\"widget\" data-widget_type=\"heading.default\">\n\t\t\t\t<div class=\"elementor-widget-container\">\n\t\t\t\t\t<h3 class=\"elementor-heading-title elementor-size-default\">Profiling<\/h3>\t\t\t\t<\/div>\n\t\t\t\t<\/div>\n\t\t\t\t<div class=\"elementor-element elementor-element-59909200 elementor-widget elementor-widget-text-editor\" data-id=\"59909200\" data-element_type=\"widget\" data-e-type=\"widget\" data-widget_type=\"text-editor.default\">\n\t\t\t\t<div class=\"elementor-widget-container\">\n\t\t\t\t\t\t\t\t\t<p>Profiling is any form of automated processing of personal data consisting of the use of personal data to evaluate certain personal aspects relating to a natural person, in particular to analyse or predict aspects concerning that natural person's performance at work, economic situation, health, personal preferences, interests, reliability, behaviour, location or movements.<\/p>\t\t\t\t\t\t\t\t<\/div>\n\t\t\t\t<\/div>\n\t\t\t\t<div class=\"elementor-element elementor-element-2b79dc29 elementor-widget elementor-widget-heading\" data-id=\"2b79dc29\" data-element_type=\"widget\" data-e-type=\"widget\" data-widget_type=\"heading.default\">\n\t\t\t\t<div class=\"elementor-widget-container\">\n\t\t\t\t\t<h3 class=\"elementor-heading-title elementor-size-default\">Pseudonymisierung<\/h3>\t\t\t\t<\/div>\n\t\t\t\t<\/div>\n\t\t\t\t<div class=\"elementor-element elementor-element-2b74da1f elementor-widget elementor-widget-text-editor\" data-id=\"2b74da1f\" data-element_type=\"widget\" data-e-type=\"widget\" data-widget_type=\"text-editor.default\">\n\t\t\t\t<div class=\"elementor-widget-container\">\n\t\t\t\t\t\t\t\t\t<p>Pseudonymisation is the processing of personal data in such a manner that the personal data can no longer be attributed to a specific data subject without the use of additional information, provided that such additional information is kept separately and is subject to technical and organisational measures to ensure that the personal data are not attributed to an identified or identifiable natural person.<\/p>\t\t\t\t\t\t\t\t<\/div>\n\t\t\t\t<\/div>\n\t\t\t\t<div class=\"elementor-element elementor-element-301b94c1 elementor-widget elementor-widget-heading\" data-id=\"301b94c1\" data-element_type=\"widget\" data-e-type=\"widget\" data-widget_type=\"heading.default\">\n\t\t\t\t<div class=\"elementor-widget-container\">\n\t\t\t\t\t<h3 class=\"elementor-heading-title elementor-size-default\">Verantwortlicher oder f\u00fcr die Verarbeitung Verantwortlicher<\/h3>\t\t\t\t<\/div>\n\t\t\t\t<\/div>\n\t\t\t\t<div class=\"elementor-element elementor-element-3cb1686f elementor-widget elementor-widget-text-editor\" data-id=\"3cb1686f\" data-element_type=\"widget\" data-e-type=\"widget\" data-widget_type=\"text-editor.default\">\n\t\t\t\t<div class=\"elementor-widget-container\">\n\t\t\t\t\t\t\t\t\t<p>Controller or controller responsible for the processing is the natural or legal person, public authority, agency or other body which, alone or jointly with others, determines the purposes and means of the processing of personal data. Where the purposes and means of such processing are determined by Union or Member State law, the controller or the specific criteria for its nomination may be provided for by Union or Member State law.<\/p>\t\t\t\t\t\t\t\t<\/div>\n\t\t\t\t<\/div>\n\t\t\t\t<div class=\"elementor-element elementor-element-4c9e5486 elementor-widget elementor-widget-heading\" data-id=\"4c9e5486\" data-element_type=\"widget\" data-e-type=\"widget\" data-widget_type=\"heading.default\">\n\t\t\t\t<div class=\"elementor-widget-container\">\n\t\t\t\t\t<h3 class=\"elementor-heading-title elementor-size-default\">Auftrags&shy;verarbeiter<\/h3>\t\t\t\t<\/div>\n\t\t\t\t<\/div>\n\t\t\t\t<div class=\"elementor-element elementor-element-2c792600 elementor-widget elementor-widget-text-editor\" data-id=\"2c792600\" data-element_type=\"widget\" data-e-type=\"widget\" data-widget_type=\"text-editor.default\">\n\t\t\t\t<div class=\"elementor-widget-container\">\n\t\t\t\t\t\t\t\t\t<p>Processor is a natural or legal person, public authority, agency or other body which processes personal data on behalf of the controller.<\/p>\t\t\t\t\t\t\t\t<\/div>\n\t\t\t\t<\/div>\n\t\t\t\t<div class=\"elementor-element elementor-element-5b2db87 elementor-widget elementor-widget-heading\" data-id=\"5b2db87\" data-element_type=\"widget\" data-e-type=\"widget\" data-widget_type=\"heading.default\">\n\t\t\t\t<div class=\"elementor-widget-container\">\n\t\t\t\t\t<h3 class=\"elementor-heading-title elementor-size-default\">Empf\u00e4nger<\/h3>\t\t\t\t<\/div>\n\t\t\t\t<\/div>\n\t\t\t\t<div class=\"elementor-element elementor-element-177d7e4f elementor-widget elementor-widget-text-editor\" data-id=\"177d7e4f\" data-element_type=\"widget\" data-e-type=\"widget\" data-widget_type=\"text-editor.default\">\n\t\t\t\t<div class=\"elementor-widget-container\">\n\t\t\t\t\t\t\t\t\t<p>Recipient is a natural or legal person, public authority, agency or another body, to which the personal data are disclosed, whether a third party or not. However, public authorities which may receive personal data in the framework of a particular enquiry in accordance with Union or Member State law shall not be regarded as recipients.<\/p>\t\t\t\t\t\t\t\t<\/div>\n\t\t\t\t<\/div>\n\t\t\t\t<div class=\"elementor-element elementor-element-244a99af elementor-widget elementor-widget-heading\" data-id=\"244a99af\" data-element_type=\"widget\" data-e-type=\"widget\" data-widget_type=\"heading.default\">\n\t\t\t\t<div class=\"elementor-widget-container\">\n\t\t\t\t\t<h3 class=\"elementor-heading-title elementor-size-default\">Dritter<\/h3>\t\t\t\t<\/div>\n\t\t\t\t<\/div>\n\t\t\t\t<div class=\"elementor-element elementor-element-294f90c9 elementor-widget elementor-widget-text-editor\" data-id=\"294f90c9\" data-element_type=\"widget\" data-e-type=\"widget\" data-widget_type=\"text-editor.default\">\n\t\t\t\t<div class=\"elementor-widget-container\">\n\t\t\t\t\t\t\t\t\t<p>Third party is a natural or legal person, public authority, agency or body other than the data subject, controller, processor and persons who, under the direct authority of the controller or processor, are authorised to process personal data.<\/p>\t\t\t\t\t\t\t\t<\/div>\n\t\t\t\t<\/div>\n\t\t\t\t<div class=\"elementor-element elementor-element-4bb1e8f elementor-widget elementor-widget-heading\" data-id=\"4bb1e8f\" data-element_type=\"widget\" data-e-type=\"widget\" data-widget_type=\"heading.default\">\n\t\t\t\t<div class=\"elementor-widget-container\">\n\t\t\t\t\t<h3 class=\"elementor-heading-title elementor-size-default\">Einwilligung<\/h3>\t\t\t\t<\/div>\n\t\t\t\t<\/div>\n\t\t\t\t<div class=\"elementor-element elementor-element-138a3042 elementor-widget elementor-widget-text-editor\" data-id=\"138a3042\" data-element_type=\"widget\" data-e-type=\"widget\" data-widget_type=\"text-editor.default\">\n\t\t\t\t<div class=\"elementor-widget-container\">\n\t\t\t\t\t\t\t\t\t<p>Consent is any freely given, specific, informed and unambiguous indication of the data subject's wishes by which he or she, by a statement or by a clear affirmative action, signifies agreement to the processing of personal data relating to him or her.<\/p>\t\t\t\t\t\t\t\t<\/div>\n\t\t\t\t<\/div>\n\t\t\t\t<\/div>\n\t\t<div class=\"elementor-element elementor-element-2f0c9a92 e-con-full e-flex e-con e-child\" data-id=\"2f0c9a92\" data-element_type=\"container\" data-e-type=\"container\">\n\t\t\t\t<div class=\"elementor-element elementor-element-1ac96558 elementor-widget elementor-widget-heading\" data-id=\"1ac96558\" data-element_type=\"widget\" data-e-type=\"widget\" data-widget_type=\"heading.default\">\n\t\t\t\t<div class=\"elementor-widget-container\">\n\t\t\t\t\t<h2 class=\"elementor-heading-title elementor-size-default\">Name und Anschrift des f\u00fcr die Verarbeitung Verantwortlichen<\/h2>\t\t\t\t<\/div>\n\t\t\t\t<\/div>\n\t\t\t\t<div class=\"elementor-element elementor-element-690a5f1e elementor-widget elementor-widget-text-editor\" data-id=\"690a5f1e\" data-element_type=\"widget\" data-e-type=\"widget\" data-widget_type=\"text-editor.default\">\n\t\t\t\t<div class=\"elementor-widget-container\">\n\t\t\t\t\t\t\t\t\t<p>The controller within the meaning of the General Data Protection Regulation, other data protection laws applicable in the Member States of the European Union and other provisions of a data protection nature is the:<\/p>\t\t\t\t\t\t\t\t<\/div>\n\t\t\t\t<\/div>\n\t\t\t\t<div class=\"elementor-element elementor-element-58db083c elementor-widget elementor-widget-text-editor\" data-id=\"58db083c\" data-element_type=\"widget\" data-e-type=\"widget\" data-widget_type=\"text-editor.default\">\n\t\t\t\t<div class=\"elementor-widget-container\">\n\t\t\t\t\t\t\t\t\t<p>August Handel GmbH<br \/>Ahornstra\u00dfe 12<br \/>14959 Trebbin<br \/>Germany<\/p>\t\t\t\t\t\t\t\t<\/div>\n\t\t\t\t<\/div>\n\t\t\t\t<div class=\"elementor-element elementor-element-1941c548 elementor-list-item-link-inline elementor-icon-list--layout-traditional elementor-widget elementor-widget-icon-list\" data-id=\"1941c548\" data-element_type=\"widget\" data-e-type=\"widget\" data-widget_type=\"icon-list.default\">\n\t\t\t\t<div class=\"elementor-widget-container\">\n\t\t\t\t\t\t\t<ul class=\"elementor-icon-list-items\">\n\t\t\t\t\t\t\t<li class=\"elementor-icon-list-item\">\n\t\t\t\t\t\t\t\t\t\t\t<a href=\"tel:01756012708\">\n\n\t\t\t\t\t\t\t\t\t\t\t\t<span class=\"elementor-icon-list-icon\">\n\t\t\t\t\t\t\t<i aria-hidden=\"true\" class=\"fas fa-phone-alt\"><\/i>\t\t\t\t\t\t<\/span>\n\t\t\t\t\t\t\t\t\t\t<span class=\"elementor-icon-list-text\">01756012708<\/span>\n\t\t\t\t\t\t\t\t\t\t\t<\/a>\n\t\t\t\t\t\t\t\t\t<\/li>\n\t\t\t\t\t\t\t\t<li class=\"elementor-icon-list-item\">\n\t\t\t\t\t\t\t\t\t\t\t<a href=\"mailto:info@augusthandel.com\">\n\n\t\t\t\t\t\t\t\t\t\t\t\t<span class=\"elementor-icon-list-icon\">\n\t\t\t\t\t\t\t<i aria-hidden=\"true\" class=\"fas fa-envelope\"><\/i>\t\t\t\t\t\t<\/span>\n\t\t\t\t\t\t\t\t\t\t<span class=\"elementor-icon-list-text\">info@augusthandel.com<\/span>\n\t\t\t\t\t\t\t\t\t\t\t<\/a>\n\t\t\t\t\t\t\t\t\t<\/li>\n\t\t\t\t\t\t\t\t<li class=\"elementor-icon-list-item\">\n\t\t\t\t\t\t\t\t\t\t\t<a href=\"https:\/\/trommelberg.de\" rel=\"nofollow noopener\" target=\"_blank\">\n\n\t\t\t\t\t\t\t\t\t\t\t\t<span class=\"elementor-icon-list-icon\">\n\t\t\t\t\t\t\t<i aria-hidden=\"true\" class=\"fas fa-globe\"><\/i>\t\t\t\t\t\t<\/span>\n\t\t\t\t\t\t\t\t\t\t<span class=\"elementor-icon-list-text\">trommelberg.de<\/span>\n\t\t\t\t\t\t\t\t\t\t\t<\/a>\n\t\t\t\t\t\t\t\t\t<\/li>\n\t\t\t\t\t\t<\/ul>\n\t\t\t\t\t\t<\/div>\n\t\t\t\t<\/div>\n\t\t\t\t<\/div>\n\t\t<div class=\"elementor-element elementor-element-44dc853f e-con-full e-flex e-con e-child\" data-id=\"44dc853f\" data-element_type=\"container\" data-e-type=\"container\">\n\t\t\t\t<div class=\"elementor-element elementor-element-70ff9f19 elementor-widget elementor-widget-heading\" data-id=\"70ff9f19\" data-element_type=\"widget\" data-e-type=\"widget\" data-widget_type=\"heading.default\">\n\t\t\t\t<div class=\"elementor-widget-container\">\n\t\t\t\t\t<h2 class=\"elementor-heading-title elementor-size-default\">Name und Anschrift des Daten&shy;schutz&shy;beauftragten<\/h2>\t\t\t\t<\/div>\n\t\t\t\t<\/div>\n\t\t\t\t<div class=\"elementor-element elementor-element-38ccb88e elementor-widget elementor-widget-text-editor\" data-id=\"38ccb88e\" data-element_type=\"widget\" data-e-type=\"widget\" data-widget_type=\"text-editor.default\">\n\t\t\t\t<div class=\"elementor-widget-container\">\n\t\t\t\t\t\t\t\t\t<p>Der Datenschutzbeauftragte des f\u00fcr die Verarbeitung Verantwortlichen ist:<\/p>\t\t\t\t\t\t\t\t<\/div>\n\t\t\t\t<\/div>\n\t\t\t\t<div class=\"elementor-element elementor-element-50751744 elementor-widget elementor-widget-text-editor\" data-id=\"50751744\" data-element_type=\"widget\" data-e-type=\"widget\" data-widget_type=\"text-editor.default\">\n\t\t\t\t<div class=\"elementor-widget-container\">\n\t\t\t\t\t\t\t\t\t<p>Matthias Scherzer<\/p><p>Ahornstra\u00dfe 12<br \/>14959 Trebbin, Deutschland<\/p>\t\t\t\t\t\t\t\t<\/div>\n\t\t\t\t<\/div>\n\t\t\t\t<div class=\"elementor-element elementor-element-e1f8bec elementor-list-item-link-inline elementor-icon-list--layout-traditional elementor-widget elementor-widget-icon-list\" data-id=\"e1f8bec\" data-element_type=\"widget\" data-e-type=\"widget\" data-widget_type=\"icon-list.default\">\n\t\t\t\t<div class=\"elementor-widget-container\">\n\t\t\t\t\t\t\t<ul class=\"elementor-icon-list-items\">\n\t\t\t\t\t\t\t<li class=\"elementor-icon-list-item\">\n\t\t\t\t\t\t\t\t\t\t\t<a href=\"tel:01756012708\">\n\n\t\t\t\t\t\t\t\t\t\t\t\t<span class=\"elementor-icon-list-icon\">\n\t\t\t\t\t\t\t<i aria-hidden=\"true\" class=\"fas fa-phone-alt\"><\/i>\t\t\t\t\t\t<\/span>\n\t\t\t\t\t\t\t\t\t\t<span class=\"elementor-icon-list-text\">01756012708<\/span>\n\t\t\t\t\t\t\t\t\t\t\t<\/a>\n\t\t\t\t\t\t\t\t\t<\/li>\n\t\t\t\t\t\t\t\t<li class=\"elementor-icon-list-item\">\n\t\t\t\t\t\t\t\t\t\t\t<a href=\"mailto:info@augusthandel.com\">\n\n\t\t\t\t\t\t\t\t\t\t\t\t<span class=\"elementor-icon-list-icon\">\n\t\t\t\t\t\t\t<i aria-hidden=\"true\" class=\"fas fa-envelope\"><\/i>\t\t\t\t\t\t<\/span>\n\t\t\t\t\t\t\t\t\t\t<span class=\"elementor-icon-list-text\">info@augusthandel.com<\/span>\n\t\t\t\t\t\t\t\t\t\t\t<\/a>\n\t\t\t\t\t\t\t\t\t<\/li>\n\t\t\t\t\t\t<\/ul>\n\t\t\t\t\t\t<\/div>\n\t\t\t\t<\/div>\n\t\t\t\t<div class=\"elementor-element elementor-element-433f6924 elementor-widget elementor-widget-text-editor\" data-id=\"433f6924\" data-element_type=\"widget\" data-e-type=\"widget\" data-widget_type=\"text-editor.default\">\n\t\t\t\t<div class=\"elementor-widget-container\">\n\t\t\t\t\t\t\t\t\t<p>Jede betroffene Person kann sich jederzeit bei allen Fragen und Anregungen zum Datenschutz direkt an unseren Datenschutzbeauftragten wenden.<\/p>\t\t\t\t\t\t\t\t<\/div>\n\t\t\t\t<\/div>\n\t\t\t\t<\/div>\n\t\t<div class=\"elementor-element elementor-element-2a939b66 e-con-full e-flex e-con e-child\" data-id=\"2a939b66\" data-element_type=\"container\" data-e-type=\"container\">\n\t\t\t\t<div class=\"elementor-element elementor-element-38942172 elementor-widget elementor-widget-heading\" data-id=\"38942172\" data-element_type=\"widget\" data-e-type=\"widget\" data-widget_type=\"heading.default\">\n\t\t\t\t<div class=\"elementor-widget-container\">\n\t\t\t\t\t<h2 class=\"elementor-heading-title elementor-size-default\">Verschl\u00fcsselung der Daten&shy;\u00fcbertragung<\/h2>\t\t\t\t<\/div>\n\t\t\t\t<\/div>\n\t\t\t\t<div class=\"elementor-element elementor-element-54c30a7a elementor-widget elementor-widget-text-editor\" data-id=\"54c30a7a\" data-element_type=\"widget\" data-e-type=\"widget\" data-widget_type=\"text-editor.default\">\n\t\t\t\t<div class=\"elementor-widget-container\">\n\t\t\t\t\t\t\t\t\t<p>Zum Schutz der personenbezogenen Daten der betroffenen Person setzt der f\u00fcr die Verarbeitung Verantwortliche mit SSL\/TLS Methoden zum Schutz der \u00dcbertragung vertraulicher Inhalte, wie zum Beispiel Bestellungen oder Anfragen, welche die betroffene Person an die August Handel GmbH sendet, ein. Die verschl\u00fcsselte Verbindung erkennt die betroffene Person daran, dass die Adresszeile des Browsers von &#8222;http:\/\/&#8220; auf &#8222;https:\/\/&#8220; wechselt und an dem Schloss-Symbol in der Browserzeile.<\/p>\t\t\t\t\t\t\t\t<\/div>\n\t\t\t\t<\/div>\n\t\t\t\t<div class=\"elementor-element elementor-element-4bffe0e elementor-widget elementor-widget-text-editor\" data-id=\"4bffe0e\" data-element_type=\"widget\" data-e-type=\"widget\" data-widget_type=\"text-editor.default\">\n\t\t\t\t<div class=\"elementor-widget-container\">\n\t\t\t\t\t\t\t\t\t<p>Wenn die SSL- oder TLS-Verschl\u00fcsselung aktiviert ist, k\u00f6nnen die Daten, welche die betroffene Person an den f\u00fcr die Verarbeitung Verantwortlichen \u00fcbermitteln, nicht von Dritten mitgelesen werden.<\/p>\t\t\t\t\t\t\t\t<\/div>\n\t\t\t\t<\/div>\n\t\t\t\t<\/div>\n\t\t<div class=\"elementor-element elementor-element-24539edb e-con-full e-flex e-con e-child\" data-id=\"24539edb\" data-element_type=\"container\" data-e-type=\"container\">\n\t\t\t\t<div class=\"elementor-element elementor-element-5b5c9923 elementor-widget elementor-widget-heading\" data-id=\"5b5c9923\" data-element_type=\"widget\" data-e-type=\"widget\" data-widget_type=\"heading.default\">\n\t\t\t\t<div class=\"elementor-widget-container\">\n\t\t\t\t\t<h2 class=\"elementor-heading-title elementor-size-default\">Cookies<\/h2>\t\t\t\t<\/div>\n\t\t\t\t<\/div>\n\t\t\t\t<div class=\"elementor-element elementor-element-1025610d elementor-widget elementor-widget-text-editor\" data-id=\"1025610d\" data-element_type=\"widget\" data-e-type=\"widget\" data-widget_type=\"text-editor.default\">\n\t\t\t\t<div class=\"elementor-widget-container\">\n\t\t\t\t\t\t\t\t\t<p>The Internet pages of the August Handel GmbH use cookies. Cookies are text files that are placed and stored on a computer system via an Internet browser.<\/p>\t\t\t\t\t\t\t\t<\/div>\n\t\t\t\t<\/div>\n\t\t\t\t<div class=\"elementor-element elementor-element-319dc500 elementor-widget elementor-widget-text-editor\" data-id=\"319dc500\" data-element_type=\"widget\" data-e-type=\"widget\" data-widget_type=\"text-editor.default\">\n\t\t\t\t<div class=\"elementor-widget-container\">\n\t\t\t\t\t\t\t\t\t<p>Numerous websites and servers use cookies. Many cookies contain a so-called cookie ID. A cookie ID is a unique identifier for the cookie. It consists of a character string that allows websites and servers to be assigned to the specific internet browser in which the cookie was stored. This enables the websites and servers visited to distinguish the individual browser of the data subject from other Internet browsers that contain other cookies. A specific Internet browser can be recognised and identified via the unique cookie ID.<\/p>\t\t\t\t\t\t\t\t<\/div>\n\t\t\t\t<\/div>\n\t\t\t\t<div class=\"elementor-element elementor-element-7af97ac1 elementor-widget elementor-widget-text-editor\" data-id=\"7af97ac1\" data-element_type=\"widget\" data-e-type=\"widget\" data-widget_type=\"text-editor.default\">\n\t\t\t\t<div class=\"elementor-widget-container\">\n\t\t\t\t\t\t\t\t\t<p>Through the use of cookies, the August Handel GmbH can provide the users of this website with more user-friendly services that would not be possible without the cookie setting.<\/p>\t\t\t\t\t\t\t\t<\/div>\n\t\t\t\t<\/div>\n\t\t\t\t<div class=\"elementor-element elementor-element-7529293b elementor-widget elementor-widget-text-editor\" data-id=\"7529293b\" data-element_type=\"widget\" data-e-type=\"widget\" data-widget_type=\"text-editor.default\">\n\t\t\t\t<div class=\"elementor-widget-container\">\n\t\t\t\t\t\t\t\t\t<p>Cookies can be used to optimise the information and offers on our website for the benefit of the user. As already mentioned, cookies enable us to recognise the users of our website. The purpose of this recognition is to make it easier for users to use our website. For example, the user of a website that uses cookies does not have to re-enter their access data each time they visit the website because this is taken over by the website and the cookie stored on the user's computer system. Another example is the cookie of a shopping basket in an online shop. The online shop remembers the items that a customer has placed in the virtual shopping basket via a cookie.<\/p>\t\t\t\t\t\t\t\t<\/div>\n\t\t\t\t<\/div>\n\t\t\t\t<div class=\"elementor-element elementor-element-6474a67c elementor-widget elementor-widget-text-editor\" data-id=\"6474a67c\" data-element_type=\"widget\" data-e-type=\"widget\" data-widget_type=\"text-editor.default\">\n\t\t\t\t<div class=\"elementor-widget-container\">\n\t\t\t\t\t\t\t\t\t<p>The data subject can prevent the setting of cookies by our website at any time by means of a corresponding setting of the Internet browser used and thus permanently object to the setting of cookies. Furthermore, cookies that have already been set can be deleted at any time via an Internet browser or other software programmes. This is possible in all common internet browsers. If the data subject deactivates the setting of cookies in the Internet browser used, not all functions of our website may be fully usable.<\/p>\t\t\t\t\t\t\t\t<\/div>\n\t\t\t\t<\/div>\n\t\t\t\t<\/div>\n\t\t<div class=\"elementor-element elementor-element-38a5e391 e-con-full e-flex e-con e-child\" data-id=\"38a5e391\" data-element_type=\"container\" data-e-type=\"container\">\n\t\t\t\t<div class=\"elementor-element elementor-element-1c9143ee elementor-widget elementor-widget-heading\" data-id=\"1c9143ee\" data-element_type=\"widget\" data-e-type=\"widget\" data-widget_type=\"heading.default\">\n\t\t\t\t<div class=\"elementor-widget-container\">\n\t\t\t\t\t<h2 class=\"elementor-heading-title elementor-size-default\">Erfassung von allgemeinen Daten und Informationen<\/h2>\t\t\t\t<\/div>\n\t\t\t\t<\/div>\n\t\t\t\t<div class=\"elementor-element elementor-element-5b525ce elementor-widget elementor-widget-text-editor\" data-id=\"5b525ce\" data-element_type=\"widget\" data-e-type=\"widget\" data-widget_type=\"text-editor.default\">\n\t\t\t\t<div class=\"elementor-widget-container\">\n\t\t\t\t\t\t\t\t\t<p>The website of the August Handel GmbH collects a series of general data and information when a data subject or automated system calls up the website. This general data and information is stored in the server log files. The (1) browser types and versions used, (2) the operating system used by the accessing system, (3) the website from which an accessing system reaches our website (so-called referrer), (4) the sub-websites which are accessed via an accessing system on our website can be recorded, (5) the date and time of access to the website, (6) an internet protocol address (IP address), (7) the internet service provider of the accessing system and (8) other similar data and information used for security purposes in the event of attacks on our information technology systems.<\/p>\t\t\t\t\t\t\t\t<\/div>\n\t\t\t\t<\/div>\n\t\t\t\t<div class=\"elementor-element elementor-element-2fed5bf7 elementor-widget elementor-widget-text-editor\" data-id=\"2fed5bf7\" data-element_type=\"widget\" data-e-type=\"widget\" data-widget_type=\"text-editor.default\">\n\t\t\t\t<div class=\"elementor-widget-container\">\n\t\t\t\t\t\t\t\t\t<p>When using these general data and information, the August Handel GmbH does not draw any conclusions about the data subject. Rather, this information is needed to (1) deliver the content of our website correctly, (2) optimise the content of our website and the advertising for it, (3) ensure the long-term functionality of our information technology systems and the technology of our website, and (4) provide law enforcement authorities with the information necessary for criminal prosecution in the event of a cyber attack. Therefore, the August Handel GmbH analyses anonymously collected data and information statistically, with the aim of increasing the data protection and data security of our enterprise, and to ensure an optimal level of protection for the personal data we process. The anonymous data of the server log files are stored separately from all personal data provided by a data subject.<\/p>\t\t\t\t\t\t\t\t<\/div>\n\t\t\t\t<\/div>\n\t\t\t\t<\/div>\n\t\t<div class=\"elementor-element elementor-element-4147edcd e-con-full e-flex e-con e-child\" data-id=\"4147edcd\" data-element_type=\"container\" data-e-type=\"container\">\n\t\t\t\t<div class=\"elementor-element elementor-element-7d2dcd2d elementor-widget elementor-widget-heading\" data-id=\"7d2dcd2d\" data-element_type=\"widget\" data-e-type=\"widget\" data-widget_type=\"heading.default\">\n\t\t\t\t<div class=\"elementor-widget-container\">\n\t\t\t\t\t<h2 class=\"elementor-heading-title elementor-size-default\">Kontakt&shy;m\u00f6glichkeit \u00fcber die Internetseite<\/h2>\t\t\t\t<\/div>\n\t\t\t\t<\/div>\n\t\t\t\t<div class=\"elementor-element elementor-element-4d260caa elementor-widget elementor-widget-text-editor\" data-id=\"4d260caa\" data-element_type=\"widget\" data-e-type=\"widget\" data-widget_type=\"text-editor.default\">\n\t\t\t\t<div class=\"elementor-widget-container\">\n\t\t\t\t\t\t\t\t\t<p>The website of the August Handel GmbH contains information that enables a quick electronic contact to our enterprise, as well as direct communication with us, which also includes a general address of the so-called electronic mail (e-mail address). If a data subject contacts the data controller by e-mail or via a contact form, the personal data transmitted by the data subject is automatically stored. Such personal data transmitted on a voluntary basis by a data subject to the controller are stored for the purposes of processing or contacting the data subject. This personal data is not passed on to third parties.<\/p>\t\t\t\t\t\t\t\t<\/div>\n\t\t\t\t<\/div>\n\t\t\t\t<\/div>\n\t\t<div class=\"elementor-element elementor-element-773aaa51 e-con-full e-flex e-con e-child\" data-id=\"773aaa51\" data-element_type=\"container\" data-e-type=\"container\">\n\t\t\t\t<div class=\"elementor-element elementor-element-6eedb73e elementor-widget elementor-widget-heading\" data-id=\"6eedb73e\" data-element_type=\"widget\" data-e-type=\"widget\" data-widget_type=\"heading.default\">\n\t\t\t\t<div class=\"elementor-widget-container\">\n\t\t\t\t\t<h2 class=\"elementor-heading-title elementor-size-default\">Routinem\u00e4\u00dfige L\u00f6schung und Sperrung von personenbezogenen Daten<\/h2>\t\t\t\t<\/div>\n\t\t\t\t<\/div>\n\t\t\t\t<div class=\"elementor-element elementor-element-6645735b elementor-widget elementor-widget-text-editor\" data-id=\"6645735b\" data-element_type=\"widget\" data-e-type=\"widget\" data-widget_type=\"text-editor.default\">\n\t\t\t\t<div class=\"elementor-widget-container\">\n\t\t\t\t\t\t\t\t\t<p>The controller shall process and store the personal data of the data subject only for the period necessary to achieve the purpose of storage, or as far as this is granted by the European legislator or other legislators in laws or regulations to which the controller is subject to.<\/p>\t\t\t\t\t\t\t\t<\/div>\n\t\t\t\t<\/div>\n\t\t\t\t<div class=\"elementor-element elementor-element-24e6d3e9 elementor-widget elementor-widget-text-editor\" data-id=\"24e6d3e9\" data-element_type=\"widget\" data-e-type=\"widget\" data-widget_type=\"text-editor.default\">\n\t\t\t\t<div class=\"elementor-widget-container\">\n\t\t\t\t\t\t\t\t\t<p>If the storage purpose no longer applies or if a storage period prescribed by the European legislator or another competent legislator expires, the personal data will be routinely blocked or erased in accordance with the statutory provisions.<\/p>\t\t\t\t\t\t\t\t<\/div>\n\t\t\t\t<\/div>\n\t\t\t\t<\/div>\n\t\t<div class=\"elementor-element elementor-element-47f8c7ad e-con-full e-flex e-con e-child\" data-id=\"47f8c7ad\" data-element_type=\"container\" data-e-type=\"container\">\n\t\t\t\t<div class=\"elementor-element elementor-element-201fb3c6 elementor-widget elementor-widget-heading\" data-id=\"201fb3c6\" data-element_type=\"widget\" data-e-type=\"widget\" data-widget_type=\"heading.default\">\n\t\t\t\t<div class=\"elementor-widget-container\">\n\t\t\t\t\t<h2 class=\"elementor-heading-title elementor-size-default\">Rechte der betroffenen Person<\/h2>\t\t\t\t<\/div>\n\t\t\t\t<\/div>\n\t\t\t\t<div class=\"elementor-element elementor-element-75382fbf elementor-widget elementor-widget-heading\" data-id=\"75382fbf\" data-element_type=\"widget\" data-e-type=\"widget\" data-widget_type=\"heading.default\">\n\t\t\t\t<div class=\"elementor-widget-container\">\n\t\t\t\t\t<h3 class=\"elementor-heading-title elementor-size-default\">Recht auf Best\u00e4tigung<\/h3>\t\t\t\t<\/div>\n\t\t\t\t<\/div>\n\t\t\t\t<div class=\"elementor-element elementor-element-630bbe13 elementor-widget elementor-widget-text-editor\" data-id=\"630bbe13\" data-element_type=\"widget\" data-e-type=\"widget\" data-widget_type=\"text-editor.default\">\n\t\t\t\t<div class=\"elementor-widget-container\">\n\t\t\t\t\t\t\t\t\t<p>Each data subject shall have the right granted by the European legislator to obtain from the controller the confirmation as to whether or not personal data concerning him or her are being processed. If a data subject wishes to avail himself of this right of confirmation, he or she may, at any time, contact any employee of the controller.<\/p>\t\t\t\t\t\t\t\t<\/div>\n\t\t\t\t<\/div>\n\t\t\t\t<div class=\"elementor-element elementor-element-2712bd99 elementor-widget elementor-widget-heading\" data-id=\"2712bd99\" data-element_type=\"widget\" data-e-type=\"widget\" data-widget_type=\"heading.default\">\n\t\t\t\t<div class=\"elementor-widget-container\">\n\t\t\t\t\t<h3 class=\"elementor-heading-title elementor-size-default\">Recht auf Auskunft<\/h3>\t\t\t\t<\/div>\n\t\t\t\t<\/div>\n\t\t\t\t<div class=\"elementor-element elementor-element-762d9f19 elementor-widget elementor-widget-text-editor\" data-id=\"762d9f19\" data-element_type=\"widget\" data-e-type=\"widget\" data-widget_type=\"text-editor.default\">\n\t\t\t\t<div class=\"elementor-widget-container\">\n\t\t\t\t\t\t\t\t\t<p>Any person affected by the processing of personal data has the right granted by the European legislator of directives and regulations to obtain, at any time and free of charge, information from the controller concerning the personal data stored about him or her and a copy of that information. Furthermore, the European legislator has granted the data subject access to the following information:<\/p>\t\t\t\t\t\t\t\t<\/div>\n\t\t\t\t<\/div>\n\t\t\t\t<div class=\"elementor-element elementor-element-340a52fe elementor-widget elementor-widget-text-editor\" data-id=\"340a52fe\" data-element_type=\"widget\" data-e-type=\"widget\" data-widget_type=\"text-editor.default\">\n\t\t\t\t<div class=\"elementor-widget-container\">\n\t\t\t\t\t\t\t\t\t<ul>\n<li>the purposes of processing<\/li>\n<li>the categories of personal data that are processed<\/li>\n<li>the recipients or categories of recipients to whom the personal data have been or will be disclosed, in particular recipients in third countries or international organisations<\/li>\n<li>where possible, the envisaged period for which the personal data will be stored, or, if not possible, the criteria used to determine that period<\/li>\n<li>the existence of the right to request from the controller rectification or erasure of personal data or restriction of processing of personal data concerning the data subject or to object to such processing<\/li>\n<li>the existence of a right to lodge a complaint with a supervisory authority<\/li>\n<li>if the personal data is not collected from the data subject: All available information about the origin of the data<\/li>\n<li>the existence of automated decision-making, including profiling, referred to in Article 22(1) and (4) GDPR and, at least in those cases, meaningful information about the logic involved, as well as the significance and the envisaged consequences of such processing for the data subject<\/li>\n<\/ul>\t\t\t\t\t\t\t\t<\/div>\n\t\t\t\t<\/div>\n\t\t\t\t<div class=\"elementor-element elementor-element-6ab8aaa4 elementor-widget elementor-widget-text-editor\" data-id=\"6ab8aaa4\" data-element_type=\"widget\" data-e-type=\"widget\" data-widget_type=\"text-editor.default\">\n\t\t\t\t<div class=\"elementor-widget-container\">\n\t\t\t\t\t\t\t\t\t<p>Furthermore, the data subject has a right to information as to whether personal data has been transferred to a third country or to an international organisation. If this is the case, the data subject also has the right to obtain information about the appropriate safeguards in connection with the transfer.<\/p>\t\t\t\t\t\t\t\t<\/div>\n\t\t\t\t<\/div>\n\t\t\t\t<div class=\"elementor-element elementor-element-31814bd0 elementor-widget elementor-widget-text-editor\" data-id=\"31814bd0\" data-element_type=\"widget\" data-e-type=\"widget\" data-widget_type=\"text-editor.default\">\n\t\t\t\t<div class=\"elementor-widget-container\">\n\t\t\t\t\t\t\t\t\t<p>If a data subject wishes to avail himself of this right of access, he or she may, at any time, contact any employee of the controller.<\/p>\t\t\t\t\t\t\t\t<\/div>\n\t\t\t\t<\/div>\n\t\t\t\t<div class=\"elementor-element elementor-element-4c4d192d elementor-widget elementor-widget-heading\" data-id=\"4c4d192d\" data-element_type=\"widget\" data-e-type=\"widget\" data-widget_type=\"heading.default\">\n\t\t\t\t<div class=\"elementor-widget-container\">\n\t\t\t\t\t<h3 class=\"elementor-heading-title elementor-size-default\">Recht auf Berichtigung<\/h3>\t\t\t\t<\/div>\n\t\t\t\t<\/div>\n\t\t\t\t<div class=\"elementor-element elementor-element-480ca6a1 elementor-widget elementor-widget-text-editor\" data-id=\"480ca6a1\" data-element_type=\"widget\" data-e-type=\"widget\" data-widget_type=\"text-editor.default\">\n\t\t\t\t<div class=\"elementor-widget-container\">\n\t\t\t\t\t\t\t\t\t<p>Any person affected by the processing of personal data has the right granted by the European legislator of directives and regulations to demand the immediate correction of incorrect personal data concerning them. Furthermore, the data subject has the right to request the completion of incomplete personal data, including by means of a supplementary declaration, taking into account the purposes of the processing.<\/p>\t\t\t\t\t\t\t\t<\/div>\n\t\t\t\t<\/div>\n\t\t\t\t<div class=\"elementor-element elementor-element-1fe09e2 elementor-widget elementor-widget-text-editor\" data-id=\"1fe09e2\" data-element_type=\"widget\" data-e-type=\"widget\" data-widget_type=\"text-editor.default\">\n\t\t\t\t<div class=\"elementor-widget-container\">\n\t\t\t\t\t\t\t\t\t<p>If a data subject wishes to exercise this right to rectification, he or she may, at any time, contact any employee of the controller.<\/p>\t\t\t\t\t\t\t\t<\/div>\n\t\t\t\t<\/div>\n\t\t\t\t<div class=\"elementor-element elementor-element-277a77ea elementor-widget elementor-widget-heading\" data-id=\"277a77ea\" data-element_type=\"widget\" data-e-type=\"widget\" data-widget_type=\"heading.default\">\n\t\t\t\t<div class=\"elementor-widget-container\">\n\t\t\t\t\t<h3 class=\"elementor-heading-title elementor-size-default\">Recht auf L\u00f6schung (Recht auf Vergessen werden)<\/h3>\t\t\t\t<\/div>\n\t\t\t\t<\/div>\n\t\t\t\t<div class=\"elementor-element elementor-element-27546e3a elementor-widget elementor-widget-text-editor\" data-id=\"27546e3a\" data-element_type=\"widget\" data-e-type=\"widget\" data-widget_type=\"text-editor.default\">\n\t\t\t\t<div class=\"elementor-widget-container\">\n\t\t\t\t\t\t\t\t\t<p>Each data subject shall have the right granted by the European legislator to obtain from the controller the erasure of personal data concerning him or her without undue delay, and the controller shall have the obligation to erase personal data without undue delay where one of the following grounds applies, as long as the processing is not necessary<\/p>\t\t\t\t\t\t\t\t<\/div>\n\t\t\t\t<\/div>\n\t\t\t\t<div class=\"elementor-element elementor-element-d66320d elementor-widget elementor-widget-text-editor\" data-id=\"d66320d\" data-element_type=\"widget\" data-e-type=\"widget\" data-widget_type=\"text-editor.default\">\n\t\t\t\t<div class=\"elementor-widget-container\">\n\t\t\t\t\t\t\t\t\t<ul>\n<li>The personal data was collected or otherwise processed for purposes for which it is no longer necessary.<\/li>\n<li>The data subject withdraws consent on which the processing is based according to point (a) of Article 6(1) of the GDPR, or point (a) of Article 9(2) of the GDPR, and where there is no other legal ground for the processing.<\/li>\n<li>The data subject objects to the processing pursuant to Art. 21 (1) GDPR and there are no overriding legitimate grounds for the processing, or the data subject objects to the processing pursuant to Art. 21 (2) GDPR.<\/li>\n<li>The personal data was processed unlawfully.<\/li>\n<li>The deletion of personal data is necessary to fulfil a legal obligation under Union law or the law of the Member States to which the controller is subject.<\/li>\n<li>The personal data was collected in relation to information society services offered in accordance with Art. 8 para. 1 GDPR.<\/li>\n<\/ul>\t\t\t\t\t\t\t\t<\/div>\n\t\t\t\t<\/div>\n\t\t\t\t<div class=\"elementor-element elementor-element-2bbddb45 elementor-widget elementor-widget-text-editor\" data-id=\"2bbddb45\" data-element_type=\"widget\" data-e-type=\"widget\" data-widget_type=\"text-editor.default\">\n\t\t\t\t<div class=\"elementor-widget-container\">\n\t\t\t\t\t\t\t\t\t<p>If one of the aforementioned reasons applies, and a data subject wishes to request the erasure of personal data stored by the August Handel GmbH, he or she may, at any time, contact any employee of the controller. An employee of August Handel GmbH shall promptly ensure that the erasure request is complied with immediately.<\/p>\t\t\t\t\t\t\t\t<\/div>\n\t\t\t\t<\/div>\n\t\t\t\t<div class=\"elementor-element elementor-element-372a7383 elementor-widget elementor-widget-text-editor\" data-id=\"372a7383\" data-element_type=\"widget\" data-e-type=\"widget\" data-widget_type=\"text-editor.default\">\n\t\t\t\t<div class=\"elementor-widget-container\">\n\t\t\t\t\t\t\t\t\t<p>If the personal data has been made public by August Handel GmbH and our company is obliged to delete the personal data in accordance with Art. 17 para. 1 GDPR, August Handel GmbH shall take appropriate measures, including technical measures, taking into account the available technology and the implementation costs, to inform other data controllers who process the published personal data, that the data subject has requested the deletion of all links to this personal data or of copies or replications of this personal data from these other data controllers, insofar as the processing is not necessary. An employees of the August Handel GmbH will arrange the necessary measures in individual cases.<\/p>\t\t\t\t\t\t\t\t<\/div>\n\t\t\t\t<\/div>\n\t\t\t\t<div class=\"elementor-element elementor-element-6b2072a elementor-widget elementor-widget-heading\" data-id=\"6b2072a\" data-element_type=\"widget\" data-e-type=\"widget\" data-widget_type=\"heading.default\">\n\t\t\t\t<div class=\"elementor-widget-container\">\n\t\t\t\t\t<h3 class=\"elementor-heading-title elementor-size-default\">Recht auf Einschr\u00e4nkung der Verarbeitung<\/h3>\t\t\t\t<\/div>\n\t\t\t\t<\/div>\n\t\t\t\t<div class=\"elementor-element elementor-element-66069b1 elementor-widget elementor-widget-text-editor\" data-id=\"66069b1\" data-element_type=\"widget\" data-e-type=\"widget\" data-widget_type=\"text-editor.default\">\n\t\t\t\t<div class=\"elementor-widget-container\">\n\t\t\t\t\t\t\t\t\t<p>Each data subject shall have the right granted by the European legislator to obtain from the controller restriction of processing where one of the following applies:<\/p>\t\t\t\t\t\t\t\t<\/div>\n\t\t\t\t<\/div>\n\t\t\t\t<div class=\"elementor-element elementor-element-7bdd8ffc elementor-widget elementor-widget-text-editor\" data-id=\"7bdd8ffc\" data-element_type=\"widget\" data-e-type=\"widget\" data-widget_type=\"text-editor.default\">\n\t\t\t\t<div class=\"elementor-widget-container\">\n\t\t\t\t\t\t\t\t\t<ul>\n<li>The accuracy of the personal data is contested by the data subject, for a period enabling the controller to verify the accuracy of the personal data.<\/li>\n<li>The processing is unlawful and the data subject opposes the erasure of the personal data and requests the restriction of their use instead.<\/li>\n<li>The controller no longer needs the personal data for the purposes of the processing, but they are required by the data subject for the establishment, exercise or defence of legal claims.<\/li>\n<li>The data subject has objected to processing pursuant to Article 21(1) GDPR pending the verification whether the legitimate grounds of the controller override those of the data subject.<\/li>\n<\/ul>\t\t\t\t\t\t\t\t<\/div>\n\t\t\t\t<\/div>\n\t\t\t\t<div class=\"elementor-element elementor-element-1526910c elementor-widget elementor-widget-text-editor\" data-id=\"1526910c\" data-element_type=\"widget\" data-e-type=\"widget\" data-widget_type=\"text-editor.default\">\n\t\t\t\t<div class=\"elementor-widget-container\">\n\t\t\t\t\t\t\t\t\t<p>If one of the aforementioned conditions is met, and a data subject wishes to request the restriction of the processing of personal data stored by the August Handel GmbH, he or she may at any time contact any employee of the controller. The employee of the August Handel GmbH will arrange the restriction of the processing.<\/p>\t\t\t\t\t\t\t\t<\/div>\n\t\t\t\t<\/div>\n\t\t\t\t<div class=\"elementor-element elementor-element-6d2297df elementor-widget elementor-widget-heading\" data-id=\"6d2297df\" data-element_type=\"widget\" data-e-type=\"widget\" data-widget_type=\"heading.default\">\n\t\t\t\t<div class=\"elementor-widget-container\">\n\t\t\t\t\t<h3 class=\"elementor-heading-title elementor-size-default\">Recht auf Daten&shy;\u00fcbertragbarkeit<\/h3>\t\t\t\t<\/div>\n\t\t\t\t<\/div>\n\t\t\t\t<div class=\"elementor-element elementor-element-2bedf211 elementor-widget elementor-widget-text-editor\" data-id=\"2bedf211\" data-element_type=\"widget\" data-e-type=\"widget\" data-widget_type=\"text-editor.default\">\n\t\t\t\t<div class=\"elementor-widget-container\">\n\t\t\t\t\t\t\t\t\t<p>Any person affected by the processing of personal data has the right, granted by the European legislator, to receive the personal data concerning him or her, which he or she has provided to a controller, in a structured, commonly used and machine-readable format. He or she also has the right to transmit those data to another controller without hindrance from the controller to which the personal data have been provided, where the processing is based on consent pursuant to point (a) of Article 6(1) of the GDPR or point (a) of Article 9(2) of the GDPR or on a contract pursuant to point (b) of Article 6(1) of the GDPR and the processing is carried out by automated means, unless the processing is necessary for the performance of a task carried out in the public interest or in the exercise of official authority vested in the controller.<\/p>\t\t\t\t\t\t\t\t<\/div>\n\t\t\t\t<\/div>\n\t\t\t\t<div class=\"elementor-element elementor-element-49f0e90c elementor-widget elementor-widget-text-editor\" data-id=\"49f0e90c\" data-element_type=\"widget\" data-e-type=\"widget\" data-widget_type=\"text-editor.default\">\n\t\t\t\t<div class=\"elementor-widget-container\">\n\t\t\t\t\t\t\t\t\t<p>Furthermore, in exercising their right to data portability pursuant to Art. 20 (1) GDPR, the data subject has the right to have the personal data transmitted directly from one controller to another, where technically feasible and provided that this does not adversely affect the rights and freedoms of others.<\/p>\t\t\t\t\t\t\t\t<\/div>\n\t\t\t\t<\/div>\n\t\t\t\t<div class=\"elementor-element elementor-element-6c27b23d elementor-widget elementor-widget-text-editor\" data-id=\"6c27b23d\" data-element_type=\"widget\" data-e-type=\"widget\" data-widget_type=\"text-editor.default\">\n\t\t\t\t<div class=\"elementor-widget-container\">\n\t\t\t\t\t\t\t\t\t<p>In order to assert the right to data portability, the data subject may at any time contact any employee of the August Handel GmbH.<\/p>\t\t\t\t\t\t\t\t<\/div>\n\t\t\t\t<\/div>\n\t\t\t\t<div class=\"elementor-element elementor-element-7f684ec8 elementor-widget elementor-widget-heading\" data-id=\"7f684ec8\" data-element_type=\"widget\" data-e-type=\"widget\" data-widget_type=\"heading.default\">\n\t\t\t\t<div class=\"elementor-widget-container\">\n\t\t\t\t\t<h3 class=\"elementor-heading-title elementor-size-default\">Recht auf Widerspruch<\/h3>\t\t\t\t<\/div>\n\t\t\t\t<\/div>\n\t\t\t\t<div class=\"elementor-element elementor-element-22b31d3c elementor-widget elementor-widget-text-editor\" data-id=\"22b31d3c\" data-element_type=\"widget\" data-e-type=\"widget\" data-widget_type=\"text-editor.default\">\n\t\t\t\t<div class=\"elementor-widget-container\">\n\t\t\t\t\t\t\t\t\t<p>Any person affected by the processing of personal data has the right granted by the European legislator to object, on grounds relating to his or her particular situation, at any time to processing of personal data concerning him or her which is based on point (e) or (f) of Article 6(1) of the GDPR. This also applies to profiling based on these provisions.<\/p>\t\t\t\t\t\t\t\t<\/div>\n\t\t\t\t<\/div>\n\t\t\t\t<div class=\"elementor-element elementor-element-667e8680 elementor-widget elementor-widget-text-editor\" data-id=\"667e8680\" data-element_type=\"widget\" data-e-type=\"widget\" data-widget_type=\"text-editor.default\">\n\t\t\t\t<div class=\"elementor-widget-container\">\n\t\t\t\t\t\t\t\t\t<p>The August Handel GmbH shall no longer process the personal data in the event of the objection, unless we can demonstrate compelling legitimate grounds for the processing which override the interests, rights and freedoms of the data subject, or for the establishment, exercise or defence of legal claims.<\/p>\t\t\t\t\t\t\t\t<\/div>\n\t\t\t\t<\/div>\n\t\t\t\t<div class=\"elementor-element elementor-element-125f988b elementor-widget elementor-widget-text-editor\" data-id=\"125f988b\" data-element_type=\"widget\" data-e-type=\"widget\" data-widget_type=\"text-editor.default\">\n\t\t\t\t<div class=\"elementor-widget-container\">\n\t\t\t\t\t\t\t\t\t<p>If the August Handel GmbH processes personal data for direct marketing purposes, the data subject shall have the right to object at any time to processing of personal data concerning him or her for such marketing. This also applies to profiling insofar as it is associated with such direct advertising. If the data subject objects to the August Handel GmbH to the processing for direct marketing purposes, the August Handel GmbH will no longer process the personal data for these purposes.<\/p>\t\t\t\t\t\t\t\t<\/div>\n\t\t\t\t<\/div>\n\t\t\t\t<div class=\"elementor-element elementor-element-3b5d55e6 elementor-widget elementor-widget-text-editor\" data-id=\"3b5d55e6\" data-element_type=\"widget\" data-e-type=\"widget\" data-widget_type=\"text-editor.default\">\n\t\t\t\t<div class=\"elementor-widget-container\">\n\t\t\t\t\t\t\t\t\t<p>In addition, the data subject has the right, on grounds relating to his or her particular situation, to object to processing of personal data concerning him or her by the August Handel GmbH for scientific or historical research purposes, or for statistical purposes pursuant to Article 89(1) of the GDPR, unless the processing is necessary for the performance of a task carried out for reasons of public interest.<\/p>\t\t\t\t\t\t\t\t<\/div>\n\t\t\t\t<\/div>\n\t\t\t\t<div class=\"elementor-element elementor-element-43cdece9 elementor-widget elementor-widget-text-editor\" data-id=\"43cdece9\" data-element_type=\"widget\" data-e-type=\"widget\" data-widget_type=\"text-editor.default\">\n\t\t\t\t<div class=\"elementor-widget-container\">\n\t\t\t\t\t\t\t\t\t<p>In order to exercise the right to object, the data subject may contact any employee of the August Handel GmbH. The data subject is also free, in the context of the use of information society services, and notwithstanding Directive 2002\/58\/EC, to exercise his or her right to object by automated means using technical specifications.<\/p>\t\t\t\t\t\t\t\t<\/div>\n\t\t\t\t<\/div>\n\t\t\t\t<div class=\"elementor-element elementor-element-76842ed0 elementor-widget elementor-widget-heading\" data-id=\"76842ed0\" data-element_type=\"widget\" data-e-type=\"widget\" data-widget_type=\"heading.default\">\n\t\t\t\t<div class=\"elementor-widget-container\">\n\t\t\t\t\t<h3 class=\"elementor-heading-title elementor-size-default\">Automatisierte Entscheidungen im Einzelfall einschlie\u00dflich Profiling<\/h3>\t\t\t\t<\/div>\n\t\t\t\t<\/div>\n\t\t\t\t<div class=\"elementor-element elementor-element-5346ef43 elementor-widget elementor-widget-text-editor\" data-id=\"5346ef43\" data-element_type=\"widget\" data-e-type=\"widget\" data-widget_type=\"text-editor.default\">\n\t\t\t\t<div class=\"elementor-widget-container\">\n\t\t\t\t\t\t\t\t\t<p>Each data subject shall have the right granted by the European legislator not to be subject to a decision based solely on automated processing, including profiling, which produces legal effects concerning him or her, or similarly significantly affects him or her, provided that the decision (1) is not necessary for the conclusion or performance of a contract between the data subject and the controller, or (2) is authorised by Union or Member State law to which the controller is subject and which also lays down suitable measures to safeguard the data subject's rights and freedoms and legitimate interests, or (3) is based on the data subject's explicit consent.<\/p>\t\t\t\t\t\t\t\t<\/div>\n\t\t\t\t<\/div>\n\t\t\t\t<div class=\"elementor-element elementor-element-2c02cc1d elementor-widget elementor-widget-text-editor\" data-id=\"2c02cc1d\" data-element_type=\"widget\" data-e-type=\"widget\" data-widget_type=\"text-editor.default\">\n\t\t\t\t<div class=\"elementor-widget-container\">\n\t\t\t\t\t\t\t\t\t<p>If the decision (1) is necessary for entering into, or the performance of, a contract between the data subject and a data controller, or (2) it is based on the data subject's explicit consent, the August Handel GmbH shall implement suitable measures to safeguard the data subject's rights and freedoms and legitimate interests, at least the right to obtain human intervention on the part of the controller, to express his or her point of view and contest the decision.<\/p>\t\t\t\t\t\t\t\t<\/div>\n\t\t\t\t<\/div>\n\t\t\t\t<div class=\"elementor-element elementor-element-2657c1f2 elementor-widget elementor-widget-text-editor\" data-id=\"2657c1f2\" data-element_type=\"widget\" data-e-type=\"widget\" data-widget_type=\"text-editor.default\">\n\t\t\t\t<div class=\"elementor-widget-container\">\n\t\t\t\t\t\t\t\t\t<p>If the data subject wishes to exercise the rights concerning automated individual decision-making, he or she may, at any time, contact any employee of the controller.<\/p>\t\t\t\t\t\t\t\t<\/div>\n\t\t\t\t<\/div>\n\t\t\t\t<div class=\"elementor-element elementor-element-2b341b5e elementor-widget elementor-widget-heading\" data-id=\"2b341b5e\" data-element_type=\"widget\" data-e-type=\"widget\" data-widget_type=\"heading.default\">\n\t\t\t\t<div class=\"elementor-widget-container\">\n\t\t\t\t\t<h3 class=\"elementor-heading-title elementor-size-default\">Recht auf Widerruf einer daten&shy;schutz&shy;rechtlichen Einwilligung<\/h3>\t\t\t\t<\/div>\n\t\t\t\t<\/div>\n\t\t\t\t<div class=\"elementor-element elementor-element-59eaac89 elementor-widget elementor-widget-text-editor\" data-id=\"59eaac89\" data-element_type=\"widget\" data-e-type=\"widget\" data-widget_type=\"text-editor.default\">\n\t\t\t\t<div class=\"elementor-widget-container\">\n\t\t\t\t\t\t\t\t\t<p>Any person affected by the processing of personal data has the right granted by the European legislator to withdraw consent to the processing of personal data at any time.<\/p>\t\t\t\t\t\t\t\t<\/div>\n\t\t\t\t<\/div>\n\t\t\t\t<div class=\"elementor-element elementor-element-26afeb45 elementor-widget elementor-widget-text-editor\" data-id=\"26afeb45\" data-element_type=\"widget\" data-e-type=\"widget\" data-widget_type=\"text-editor.default\">\n\t\t\t\t<div class=\"elementor-widget-container\">\n\t\t\t\t\t\t\t\t\t<p>If the data subject wishes to exercise the right to withdraw the consent, he or she may, at any time, contact any employee of the controller.<\/p>\t\t\t\t\t\t\t\t<\/div>\n\t\t\t\t<\/div>\n\t\t\t\t<\/div>\n\t\t<div class=\"elementor-element elementor-element-2737d766 e-con-full e-flex e-con e-child\" data-id=\"2737d766\" data-element_type=\"container\" data-e-type=\"container\">\n\t\t\t\t<div class=\"elementor-element elementor-element-154237e4 elementor-widget elementor-widget-heading\" data-id=\"154237e4\" data-element_type=\"widget\" data-e-type=\"widget\" data-widget_type=\"heading.default\">\n\t\t\t\t<div class=\"elementor-widget-container\">\n\t\t\t\t\t<h2 class=\"elementor-heading-title elementor-size-default\">Datenschutz bei Bewerbungen und im Bewerbungs&shy;verfahren<\/h2>\t\t\t\t<\/div>\n\t\t\t\t<\/div>\n\t\t\t\t<div class=\"elementor-element elementor-element-4f85d09f elementor-widget elementor-widget-text-editor\" data-id=\"4f85d09f\" data-element_type=\"widget\" data-e-type=\"widget\" data-widget_type=\"text-editor.default\">\n\t\t\t\t<div class=\"elementor-widget-container\">\n\t\t\t\t\t\t\t\t\t<p>The controller collects and processes the personal data of applicants for the purpose of handling the application process. Processing may also be carried out electronically. This is particularly the case if an applicant submits relevant application documents to the controller by electronic means, for example by email or via a web form on the website. If the controller concludes an employment contract with an applicant, the transmitted data will be stored for the purpose of processing the employment relationship in compliance with the statutory provisions. If the controller does not conclude an employment contract with the applicant, the application documents will be automatically deleted two months after notification of the rejection decision, unless deletion conflicts with any other legitimate interests of the controller. Other legitimate interest in this sense is, for example, a burden of proof in proceedings under the General Equal Treatment Act (AGG).<\/p>\t\t\t\t\t\t\t\t<\/div>\n\t\t\t\t<\/div>\n\t\t\t\t<\/div>\n\t\t<div class=\"elementor-element elementor-element-2ee1198c e-con-full e-flex e-con e-child\" data-id=\"2ee1198c\" data-element_type=\"container\" data-e-type=\"container\">\n\t\t\t\t<div class=\"elementor-element elementor-element-35bd9397 elementor-widget elementor-widget-heading\" data-id=\"35bd9397\" data-element_type=\"widget\" data-e-type=\"widget\" data-widget_type=\"heading.default\">\n\t\t\t\t<div class=\"elementor-widget-container\">\n\t\t\t\t\t<h2 class=\"elementor-heading-title elementor-size-default\">Hosting<\/h2>\t\t\t\t<\/div>\n\t\t\t\t<\/div>\n\t\t\t\t<div class=\"elementor-element elementor-element-7563e9aa elementor-widget elementor-widget-heading\" data-id=\"7563e9aa\" data-element_type=\"widget\" data-e-type=\"widget\" data-widget_type=\"heading.default\">\n\t\t\t\t<div class=\"elementor-widget-container\">\n\t\t\t\t\t<h3 class=\"elementor-heading-title elementor-size-default\">ALL-INKL.COM<\/h3>\t\t\t\t<\/div>\n\t\t\t\t<\/div>\n\t\t\t\t<div class=\"elementor-element elementor-element-2fcdc949 elementor-widget elementor-widget-text-editor\" data-id=\"2fcdc949\" data-element_type=\"widget\" data-e-type=\"widget\" data-widget_type=\"text-editor.default\">\n\t\t\t\t<div class=\"elementor-widget-container\">\n\t\t\t\t\t\t\t\t\tAnbieter ist die ALL-INKL.COM &#8211; Neue Medien M\u00fcnnich, Inh. Ren\u00e9 M\u00fcnnich, Hauptstra\u00dfe 68, 02742 Friedersdorf (nachfolgend All-Inkl). Wenn Sie unsere Website besuchen, erfasst All-Inkl verschiedene Logfiles inklusive Ihrer IP-Adressen. Details entnehmen Sie der Datenschutzerkl&auml;rung von All-Inkl: <a href=\"https:\/\/all-inkl.com\/datenschutzinformationen\" target=\"_blank\" rel=\"nofollow noopener\">https:\/\/all-inkl.com\/<wbr \/>datenschutzinformationen<\/a>.\t\t\t\t\t\t\t\t<\/div>\n\t\t\t\t<\/div>\n\t\t\t\t<div class=\"elementor-element elementor-element-43c09a5f elementor-widget elementor-widget-heading\" data-id=\"43c09a5f\" data-element_type=\"widget\" data-e-type=\"widget\" data-widget_type=\"heading.default\">\n\t\t\t\t<div class=\"elementor-widget-container\">\n\t\t\t\t\t<h3 class=\"elementor-heading-title elementor-size-default\">DomainFactory<\/h3>\t\t\t\t<\/div>\n\t\t\t\t<\/div>\n\t\t\t\t<div class=\"elementor-element elementor-element-7e61a230 elementor-widget elementor-widget-text-editor\" data-id=\"7e61a230\" data-element_type=\"widget\" data-e-type=\"widget\" data-widget_type=\"text-editor.default\">\n\t\t\t\t<div class=\"elementor-widget-container\">\n\t\t\t\t\t\t\t\t\tAnbieter ist die DomainFactory GmbH, c\/o WeWork, Neuturmstra\u00dfe 5, 80331 M\u00fcnchen (nachfolgend DomainFactory). Wenn Sie unsere Website besuchen, erfasst DomainFactory verschiedene Logfiles inklusive Ihrer IP-Adressen. Details entnehmen Sie der Datenschutzerkl\u00e4rung von DomainFactory: <a href=\"https:\/\/www.df.eu\/de\/datenschutz\" target=\"_blank\" rel=\"nofollow noopener\">https:\/\/www.df.eu\/<wbr \/>de\/<wbr \/>data protection<\/a>.\t\t\t\t\t\t\t\t<\/div>\n\t\t\t\t<\/div>\n\t\t\t\t<div class=\"elementor-element elementor-element-3120654c elementor-widget elementor-widget-heading\" data-id=\"3120654c\" data-element_type=\"widget\" data-e-type=\"widget\" data-widget_type=\"heading.default\">\n\t\t\t\t<div class=\"elementor-widget-container\">\n\t\t\t\t\t<h3 class=\"elementor-heading-title elementor-size-default\">Hetzner<\/h3>\t\t\t\t<\/div>\n\t\t\t\t<\/div>\n\t\t\t\t<div class=\"elementor-element elementor-element-6a077085 elementor-widget elementor-widget-text-editor\" data-id=\"6a077085\" data-element_type=\"widget\" data-e-type=\"widget\" data-widget_type=\"text-editor.default\">\n\t\t\t\t<div class=\"elementor-widget-container\">\n\t\t\t\t\t\t\t\t\tAnbieter ist die Hetzner Online GmbH, Industriestr. 25, 91710 Gunzenhausen (nachfolgend Hetzner). Wenn Sie unsere Website besuchen, erfasst Hetzner verschiedene Logfiles inklusive Ihrer IP-Adressen. Details entnehmen Sie der Datenschutzerkl\u00e4rung von Hetzner: <a href=\"https:\/\/www.hetzner.com\/de\/rechtliches\/datenschutz\" target=\"_blank\" rel=\"nofollow noopener\">https:\/\/www.hetzner.com\/<wbr \/>de\/<wbr \/>rechtliches\/<wbr \/>data protection<\/a>.\t\t\t\t\t\t\t\t<\/div>\n\t\t\t\t<\/div>\n\t\t\t\t<div class=\"elementor-element elementor-element-739c4b09 elementor-widget elementor-widget-heading\" data-id=\"739c4b09\" data-element_type=\"widget\" data-e-type=\"widget\" data-widget_type=\"heading.default\">\n\t\t\t\t<div class=\"elementor-widget-container\">\n\t\t\t\t\t<h3 class=\"elementor-heading-title elementor-size-default\">Host Europe<\/h3>\t\t\t\t<\/div>\n\t\t\t\t<\/div>\n\t\t\t\t<div class=\"elementor-element elementor-element-77ec1d72 elementor-widget elementor-widget-text-editor\" data-id=\"77ec1d72\" data-element_type=\"widget\" data-e-type=\"widget\" data-widget_type=\"text-editor.default\">\n\t\t\t\t<div class=\"elementor-widget-container\">\n\t\t\t\t\t\t\t\t\t<p>Anbieter ist die Host Europe GmbH, Hansestra\u00dfe 111, 51149, K\u00f6ln (nachfolgend Host Europe). Wenn Sie unsere Website besuchen, erfasst Host Europe verschiedene Logfiles inklusive Ihrer IP-Adressen. Details entnehmen Sie der Datenschutzerkl\u00e4rung von Host Europe: <a href=\"https:\/\/www.hosteurope.de\/AGB\/Datenschutzerklaerung\" target=\"_blank\" rel=\"nofollow noopener\">https:\/\/www.hosteurope.de\/<wbr \/>AGB\/<wbr \/>Datenschutzerklaerung<\/a>.<\/p>\t\t\t\t\t\t\t\t<\/div>\n\t\t\t\t<\/div>\n\t\t\t\t<div class=\"elementor-element elementor-element-71026911 elementor-widget elementor-widget-heading\" data-id=\"71026911\" data-element_type=\"widget\" data-e-type=\"widget\" data-widget_type=\"heading.default\">\n\t\t\t\t<div class=\"elementor-widget-container\">\n\t\t\t\t\t<h3 class=\"elementor-heading-title elementor-size-default\">IONOS<\/h3>\t\t\t\t<\/div>\n\t\t\t\t<\/div>\n\t\t\t\t<div class=\"elementor-element elementor-element-4e12804 elementor-widget elementor-widget-text-editor\" data-id=\"4e12804\" data-element_type=\"widget\" data-e-type=\"widget\" data-widget_type=\"text-editor.default\">\n\t\t\t\t<div class=\"elementor-widget-container\">\n\t\t\t\t\t\t\t\t\tAnbieter ist die IONOS SE, Elgendorfer Str. 57, 56410 Montabaur (nachfolgend IONOS). Wenn Sie unsere Website besuchen, erfasst IONOS verschiedene Logfiles inklusive Ihrer IP-Adressen. Details entnehmen Sie der Datenschutzerkl\u00e4rung von IONOS: <a href=\"https:\/\/www.ionos.de\/terms-gtc\/terms-privacy\" target=\"_blank\" rel=\"nofollow noopener\">https:\/\/www.ionos.de\/<wbr \/>terms-gtc\/<wbr \/>terms-privacy<\/a>.\t\t\t\t\t\t\t\t<\/div>\n\t\t\t\t<\/div>\n\t\t\t\t<div class=\"elementor-element elementor-element-7deccd74 elementor-widget elementor-widget-heading\" data-id=\"7deccd74\" data-element_type=\"widget\" data-e-type=\"widget\" data-widget_type=\"heading.default\">\n\t\t\t\t<div class=\"elementor-widget-container\">\n\t\t\t\t\t<h3 class=\"elementor-heading-title elementor-size-default\">Strato<\/h3>\t\t\t\t<\/div>\n\t\t\t\t<\/div>\n\t\t\t\t<div class=\"elementor-element elementor-element-37c6fe5b elementor-widget elementor-widget-text-editor\" data-id=\"37c6fe5b\" data-element_type=\"widget\" data-e-type=\"widget\" data-widget_type=\"text-editor.default\">\n\t\t\t\t<div class=\"elementor-widget-container\">\n\t\t\t\t\t\t\t\t\tAnbieter ist die Strato AG, Otto-Ostrowski-Stra\u00dfe 7, 10249 Berlin (nachfolgend Strato). Wenn Sie unsere Website besuchen, erfasst Strato verschiedene Logfiles inklusive Ihrer IP-Adressen. Details entnehmen Sie der Datenschutzerkl\u00e4rung von Strato: <a href=\"https:\/\/www.strato.de\/datenschutz\" target=\"_blank\" rel=\"nofollow noopener\">https:\/\/www.strato.de\/<wbr \/>data protection<\/a>.\t\t\t\t\t\t\t\t<\/div>\n\t\t\t\t<\/div>\n\t\t\t\t<div class=\"elementor-element elementor-element-351aa3a8 elementor-widget elementor-widget-heading\" data-id=\"351aa3a8\" data-element_type=\"widget\" data-e-type=\"widget\" data-widget_type=\"heading.default\">\n\t\t\t\t<div class=\"elementor-widget-container\">\n\t\t\t\t\t<h3 class=\"elementor-heading-title elementor-size-default\">Auftragsverarbeitung<\/h3>\t\t\t\t<\/div>\n\t\t\t\t<\/div>\n\t\t\t\t<div class=\"elementor-element elementor-element-2bd88e8f elementor-widget elementor-widget-text-editor\" data-id=\"2bd88e8f\" data-element_type=\"widget\" data-e-type=\"widget\" data-widget_type=\"text-editor.default\">\n\t\t\t\t<div class=\"elementor-widget-container\">\n\t\t\t\t\t\t\t\t\t<p>Wir haben einen Vertrag \u00fcber Auftragsverarbeitung (AVV) zur Nutzung des oben genannten Dienstes geschlossen. Hierbei handelt es sich um einen datenschutzrechtlich vorgeschriebenen Vertrag, der gew\u00e4hrleistet, dass dieser die personenbezogenen Daten unserer Websitebesucher nur nach unseren Weisungen und unter Einhaltung der DSGVO verarbeitet.<\/p>\t\t\t\t\t\t\t\t<\/div>\n\t\t\t\t<\/div>\n\t\t\t\t<\/div>\n\t\t<div class=\"elementor-element elementor-element-7fc79a9e e-con-full e-flex e-con e-child\" data-id=\"7fc79a9e\" data-element_type=\"container\" data-e-type=\"container\">\n\t\t\t\t<div class=\"elementor-element elementor-element-78a89337 elementor-widget elementor-widget-heading\" data-id=\"78a89337\" data-element_type=\"widget\" data-e-type=\"widget\" data-widget_type=\"heading.default\">\n\t\t\t\t<div class=\"elementor-widget-container\">\n\t\t\t\t\t<h2 class=\"elementor-heading-title elementor-size-default\">Daten&shy;schutz&shy;bestimmungen zu Einsatz und Verwendung von Font Awesome (lokales Hosting)<\/h2>\t\t\t\t<\/div>\n\t\t\t\t<\/div>\n\t\t\t\t<div class=\"elementor-element elementor-element-3732861d elementor-widget elementor-widget-text-editor\" data-id=\"3732861d\" data-element_type=\"widget\" data-e-type=\"widget\" data-widget_type=\"text-editor.default\">\n\t\t\t\t<div class=\"elementor-widget-container\">\n\t\t\t\t\t\t\t\t\t<p>Diese Seite nutzt zur einheitlichen Darstellung von Schriftarten Font Awesome. Font Awesome ist lokal installiert. Eine Verbindung zu Servern von Fonticons, Inc. findet dabei nicht statt.<\/p>\t\t\t\t\t\t\t\t<\/div>\n\t\t\t\t<\/div>\n\t\t\t\t<div class=\"elementor-element elementor-element-52eaecf7 elementor-widget elementor-widget-text-editor\" data-id=\"52eaecf7\" data-element_type=\"widget\" data-e-type=\"widget\" data-widget_type=\"text-editor.default\">\n\t\t\t\t<div class=\"elementor-widget-container\">\n\t\t\t\t\t\t\t\t\tWeitere Informationen zu Font Awesome finden Sie in der Datenschutzerkl\u00e4rung f\u00fcr Font Awesome unter: <a href=\"https:\/\/fontawesome.com\/privacy\" target=\"_blank\" rel=\"nofollow noopener\">https:\/\/fontawesome.com\/<wbr \/>privacy<\/a>.\t\t\t\t\t\t\t\t<\/div>\n\t\t\t\t<\/div>\n\t\t\t\t<\/div>\n\t\t<div class=\"elementor-element elementor-element-13f26d34 e-con-full e-flex e-con e-child\" data-id=\"13f26d34\" data-element_type=\"container\" data-e-type=\"container\">\n\t\t\t\t<div class=\"elementor-element elementor-element-22badb55 elementor-widget elementor-widget-heading\" data-id=\"22badb55\" data-element_type=\"widget\" data-e-type=\"widget\" data-widget_type=\"heading.default\">\n\t\t\t\t<div class=\"elementor-widget-container\">\n\t\t\t\t\t<h2 class=\"elementor-heading-title elementor-size-default\">Daten&shy;schutz&shy;bestimmungen zu Einsatz und Verwendung von Google-Ads<\/h2>\t\t\t\t<\/div>\n\t\t\t\t<\/div>\n\t\t\t\t<div class=\"elementor-element elementor-element-5c69bbc5 elementor-widget elementor-widget-text-editor\" data-id=\"5c69bbc5\" data-element_type=\"widget\" data-e-type=\"widget\" data-widget_type=\"text-editor.default\">\n\t\t\t\t<div class=\"elementor-widget-container\">\n\t\t\t\t\t\t\t\t\t<p>Der f\u00fcr die Verarbeitung Verantwortliche hat auf dieser Internetseite Google Ads integriert. Google Ads ist ein Dienst zur Internetwerbung, der es Werbetreibenden gestattet, sowohl Anzeigen in den Suchmaschinenergebnissen von Google als auch im Google-Werbenetzwerk zu schalten. Google Ads erm\u00f6glicht es einem Werbetreibenden, vorab bestimmte Schl\u00fcsselw\u00f6rter festzulegen, mittels derer eine Anzeige in den Suchmaschinenergebnissen von Google ausschlie\u00dflich dann angezeigt wird, wenn der Nutzer mit der Suchmaschine ein schl\u00fcsselwortrelevantes Suchergebnis abruft. Im Google-Werbenetzwerk werden die Anzeigen mittels eines automatischen Algorithmus und unter Beachtung der zuvor festgelegten Schl\u00fcsselw\u00f6rter auf themenrelevanten Internetseiten verteilt.<\/p>\t\t\t\t\t\t\t\t<\/div>\n\t\t\t\t<\/div>\n\t\t\t\t<div class=\"elementor-element elementor-element-7c30ef4e elementor-widget elementor-widget-text-editor\" data-id=\"7c30ef4e\" data-element_type=\"widget\" data-e-type=\"widget\" data-widget_type=\"text-editor.default\">\n\t\t\t\t<div class=\"elementor-widget-container\">\n\t\t\t\t\t\t\t\t\t<p>Betreibergesellschaft der Dienste von Google Ads ist die Google Ireland Limited, Gordon House, Barrow Street, Dublin, D04 E5W5, Ireland.<\/p>\t\t\t\t\t\t\t\t<\/div>\n\t\t\t\t<\/div>\n\t\t\t\t<div class=\"elementor-element elementor-element-917aeaf elementor-widget elementor-widget-text-editor\" data-id=\"917aeaf\" data-element_type=\"widget\" data-e-type=\"widget\" data-widget_type=\"text-editor.default\">\n\t\t\t\t<div class=\"elementor-widget-container\">\n\t\t\t\t\t\t\t\t\t<p>Der Zweck von Google Ads ist die Bewerbung unserer Internetseite durch die Einblendung von interessenrelevanter Werbung auf den Internetseiten von Drittunternehmen und in den Suchmaschinenergebnissen der Suchmaschine Google und eine Einblendung von Fremdwerbung auf unserer Internetseite.<\/p>\t\t\t\t\t\t\t\t<\/div>\n\t\t\t\t<\/div>\n\t\t\t\t<div class=\"elementor-element elementor-element-381246fa elementor-widget elementor-widget-text-editor\" data-id=\"381246fa\" data-element_type=\"widget\" data-e-type=\"widget\" data-widget_type=\"text-editor.default\">\n\t\t\t\t<div class=\"elementor-widget-container\">\n\t\t\t\t\t\t\t\t\t<p>Gelangt eine betroffene Person \u00fcber eine Google-Anzeige auf unsere Internetseite, wird auf dem informationstechnologischen System der betroffenen Person durch Google ein sogenannter Conversion-Cookie abgelegt. Was Cookies sind, wurde oben bereits erl\u00e4utert. Ein Conversion-Cookie verliert nach drei\u00dfig Tagen seine G\u00fcltigkeit und dient nicht zur Identifikation der betroffenen Person. \u00dcber den Conversion-Cookie wird, sofern das Cookie noch nicht abgelaufen ist, nachvollzogen, ob bestimmte Unterseiten, beispielsweise der Warenkorb von einem Online-Shop-System, auf unserer Internetseite aufgerufen wurden. Durch den Conversion-Cookie k\u00f6nnen sowohl wir als auch Google nachvollziehen, ob eine betroffene Person, die \u00fcber eine Ads-Anzeige auf unsere Internetseite gelangt ist, einen Umsatz generierte, also einen Warenkauf vollzogen oder abgebrochen hat.<\/p>\t\t\t\t\t\t\t\t<\/div>\n\t\t\t\t<\/div>\n\t\t\t\t<div class=\"elementor-element elementor-element-11870724 elementor-widget elementor-widget-text-editor\" data-id=\"11870724\" data-element_type=\"widget\" data-e-type=\"widget\" data-widget_type=\"text-editor.default\">\n\t\t\t\t<div class=\"elementor-widget-container\">\n\t\t\t\t\t\t\t\t\t<p>Die durch die Nutzung des Conversion-Cookies erhobenen Daten und Informationen werden von Google verwendet, um Besuchsstatistiken f\u00fcr unsere Internetseite zu erstellen. Diese Besuchsstatistiken werden durch uns wiederum genutzt, um die Gesamtanzahl der Nutzer zu ermitteln, welche \u00fcber Ads-Anzeigen an uns vermittelt wurden, also um den Erfolg oder Misserfolg der jeweiligen Ads-Anzeige zu ermitteln und um unsere Ads-Anzeigen f\u00fcr die Zukunft zu optimieren. Weder unser Unternehmen noch andere Werbekunden von Google-Ads erhalten Informationen von Google, mittels derer die betroffene Person identifiziert werden k\u00f6nnte.<\/p>\t\t\t\t\t\t\t\t<\/div>\n\t\t\t\t<\/div>\n\t\t\t\t<div class=\"elementor-element elementor-element-360fe086 elementor-widget elementor-widget-text-editor\" data-id=\"360fe086\" data-element_type=\"widget\" data-e-type=\"widget\" data-widget_type=\"text-editor.default\">\n\t\t\t\t<div class=\"elementor-widget-container\">\n\t\t\t\t\t\t\t\t\t<p>Mittels des Conversion-Cookies werden personenbezogene Informationen, beispielsweise die durch die betroffene Person besuchten Internetseiten, gespeichert. Bei jedem Besuch unserer Internetseiten werden demnach personenbezogene Daten, einschlie\u00dflich der IP-Adresse des von der betroffenen Person genutzten Internetanschlusses, an Google in den Vereinigten Staaten von Amerika \u00fcbertragen. Diese personenbezogenen Daten werden durch Google in den Vereinigten Staaten von Amerika gespeichert. Google gibt diese \u00fcber das technische Verfahren erhobenen personenbezogenen Daten unter Umst\u00e4nden an Dritte weiter.<\/p>\t\t\t\t\t\t\t\t<\/div>\n\t\t\t\t<\/div>\n\t\t\t\t<div class=\"elementor-element elementor-element-4c0e5668 elementor-widget elementor-widget-text-editor\" data-id=\"4c0e5668\" data-element_type=\"widget\" data-e-type=\"widget\" data-widget_type=\"text-editor.default\">\n\t\t\t\t<div class=\"elementor-widget-container\">\n\t\t\t\t\t\t\t\t\t<p>Die betroffene Person kann die Setzung von Cookies durch unsere Internetseite, wie oben bereits dargestellt, jederzeit mittels einer entsprechenden Einstellung des genutzten Internetbrowsers verhindern und damit der Setzung von Cookies dauerhaft widersprechen. Eine solche Einstellung des genutzten Internetbrowsers w\u00fcrde auch verhindern, dass Google einen Conversion-Cookie auf dem informationstechnologischen System der betroffenen Person setzt. Zudem kann ein von Google Ads bereits gesetzter Cookie jederzeit \u00fcber den Internetbrowser oder andere Softwareprogramme gel\u00f6scht werden.<\/p>\t\t\t\t\t\t\t\t<\/div>\n\t\t\t\t<\/div>\n\t\t\t\t<div class=\"elementor-element elementor-element-60d8cd47 elementor-widget elementor-widget-text-editor\" data-id=\"60d8cd47\" data-element_type=\"widget\" data-e-type=\"widget\" data-widget_type=\"text-editor.default\">\n\t\t\t\t<div class=\"elementor-widget-container\">\n\t\t\t\t\t\t\t\t\tFerner besteht f\u00fcr die betroffene Person die M\u00f6glichkeit, der interessenbezogenen Werbung durch Google zu widersprechen. Hierzu muss die betroffene Person von jedem der von ihr genutzten Internetbrowser aus den Link <a href=\"https:\/\/www.google.de\/settings\/ads\" target=\"_blank\" rel=\"nofollow noopener\">https:\/\/www.google.de\/<wbr \/>settings\/<wbr \/>ads<\/a> aufrufen und dort die gew\u00fcnschten Einstellungen vornehmen.\t\t\t\t\t\t\t\t<\/div>\n\t\t\t\t<\/div>\n\t\t\t\t<div class=\"elementor-element elementor-element-5e11ec07 elementor-widget elementor-widget-text-editor\" data-id=\"5e11ec07\" data-element_type=\"widget\" data-e-type=\"widget\" data-widget_type=\"text-editor.default\">\n\t\t\t\t<div class=\"elementor-widget-container\">\n\t\t\t\t\t\t\t\t\tWeitere Informationen und die geltenden Datenschutzbestimmungen von Google k\u00f6nnen unter <a href=\"https:\/\/www.google.de\/intl\/de\/policies\/privacy\" target=\"_blank\" rel=\"nofollow noopener\">https:\/\/www.google.de\/<wbr \/>intl\/<wbr \/>de\/<wbr \/>policies\/<wbr \/>privacy<\/a> abgerufen werden.\t\t\t\t\t\t\t\t<\/div>\n\t\t\t\t<\/div>\n\t\t\t\t<\/div>\n\t\t<div class=\"elementor-element elementor-element-30beedd7 e-con-full e-flex e-con e-child\" data-id=\"30beedd7\" data-element_type=\"container\" data-e-type=\"container\">\n\t\t\t\t<div class=\"elementor-element elementor-element-4c8f30d elementor-widget elementor-widget-heading\" data-id=\"4c8f30d\" data-element_type=\"widget\" data-e-type=\"widget\" data-widget_type=\"heading.default\">\n\t\t\t\t<div class=\"elementor-widget-container\">\n\t\t\t\t\t<h2 class=\"elementor-heading-title elementor-size-default\">Daten&shy;schutz&shy;bestimmungen zu Einsatz und Verwendung von Google Analytics (mit Anonymisierungs&shy;funktion)<\/h2>\t\t\t\t<\/div>\n\t\t\t\t<\/div>\n\t\t\t\t<div class=\"elementor-element elementor-element-5cbdd8d5 elementor-widget elementor-widget-text-editor\" data-id=\"5cbdd8d5\" data-element_type=\"widget\" data-e-type=\"widget\" data-widget_type=\"text-editor.default\">\n\t\t\t\t<div class=\"elementor-widget-container\">\n\t\t\t\t\t\t\t\t\t<p>The data controller has integrated the Google Analytics component (with anonymisation function) on this website. Google Analytics is a web analytics service. Web analysis is the collection, collation and evaluation of data about the behaviour of visitors to websites. Among other things, a web analysis service collects data about the website from which a data subject came to a website (so-called referrer), which subpages of the website were accessed or how often and for how long a subpage was viewed. Web analysis is mainly used to optimise a website and for the cost-benefit analysis of internet advertising.<\/p>\t\t\t\t\t\t\t\t<\/div>\n\t\t\t\t<\/div>\n\t\t\t\t<div class=\"elementor-element elementor-element-75fd0ad0 elementor-widget elementor-widget-text-editor\" data-id=\"75fd0ad0\" data-element_type=\"widget\" data-e-type=\"widget\" data-widget_type=\"text-editor.default\">\n\t\t\t\t<div class=\"elementor-widget-container\">\n\t\t\t\t\t\t\t\t\t<p>The operating company of the Google Analytics component is Google Ireland Limited, Gordon House, Barrow Street, Dublin, D04 E5W5, Ireland.<\/p>\t\t\t\t\t\t\t\t<\/div>\n\t\t\t\t<\/div>\n\t\t\t\t<div class=\"elementor-element elementor-element-1f09f48a elementor-widget elementor-widget-text-editor\" data-id=\"1f09f48a\" data-element_type=\"widget\" data-e-type=\"widget\" data-widget_type=\"text-editor.default\">\n\t\t\t\t<div class=\"elementor-widget-container\">\n\t\t\t\t\t\t\t\t\t<p>The data controller uses the addition \u201e_gat._anonymiseIp\u201c for web analysis via Google Analytics. This addition is used by Google to shorten and anonymise the IP address of the data subject's Internet connection if our website is accessed from a member state of the European Union or from another state party to the Agreement on the European Economic Area.<\/p>\t\t\t\t\t\t\t\t<\/div>\n\t\t\t\t<\/div>\n\t\t\t\t<div class=\"elementor-element elementor-element-9334f18 elementor-widget elementor-widget-text-editor\" data-id=\"9334f18\" data-element_type=\"widget\" data-e-type=\"widget\" data-widget_type=\"text-editor.default\">\n\t\t\t\t<div class=\"elementor-widget-container\">\n\t\t\t\t\t\t\t\t\t<p>The purpose of the Google Analytics component is to analyse the flow of visitors to our website. Among other things, Google uses the data and information obtained to analyse the use of our website, to compile online reports for us that show the activities on our website, and to provide other services in connection with the use of our website.<\/p>\t\t\t\t\t\t\t\t<\/div>\n\t\t\t\t<\/div>\n\t\t\t\t<div class=\"elementor-element elementor-element-125be78c elementor-widget elementor-widget-text-editor\" data-id=\"125be78c\" data-element_type=\"widget\" data-e-type=\"widget\" data-widget_type=\"text-editor.default\">\n\t\t\t\t<div class=\"elementor-widget-container\">\n\t\t\t\t\t\t\t\t\t<p>Google Analytics places a cookie on the data subject's IT system. What cookies are has already been explained above. By setting the cookie, Google is enabled to analyse the use of our website. Each time one of the individual pages of this website is accessed, which is operated by the data controller and on which a Google Analytics component has been integrated, the Internet browser on the information technology system of the data subject is automatically prompted by the respective Google Analytics component to transmit data to Google for the purpose of online analysis. During the course of this technical procedure, Google gains knowledge of personal information, such as the IP address of the data subject, which serves Google, inter alia, to understand the origin of visitors and clicks, and subsequently create commission settlements.<\/p>\t\t\t\t\t\t\t\t<\/div>\n\t\t\t\t<\/div>\n\t\t\t\t<div class=\"elementor-element elementor-element-409241c6 elementor-widget elementor-widget-text-editor\" data-id=\"409241c6\" data-element_type=\"widget\" data-e-type=\"widget\" data-widget_type=\"text-editor.default\">\n\t\t\t\t<div class=\"elementor-widget-container\">\n\t\t\t\t\t\t\t\t\t<p>The cookie is used to store personal information, such as the access time, the location from which access was made and the frequency of visits to our website by the data subject. Each time our website is visited, this personal data, including the IP address of the internet connection used by the data subject, is transmitted to Google in the United States of America. This personal data is stored by Google in the United States of America. Google may pass on this personal data collected via the technical process to third parties.<\/p>\t\t\t\t\t\t\t\t<\/div>\n\t\t\t\t<\/div>\n\t\t\t\t<div class=\"elementor-element elementor-element-ce69fa5 elementor-widget elementor-widget-text-editor\" data-id=\"ce69fa5\" data-element_type=\"widget\" data-e-type=\"widget\" data-widget_type=\"text-editor.default\">\n\t\t\t\t<div class=\"elementor-widget-container\">\n\t\t\t\t\t\t\t\t\t<p>The data subject may, as stated above, prevent the setting of cookies through our website at any time by means of a corresponding adjustment of the web browser used and thus permanently deny the setting of cookies. Such a setting of the Internet browser used would also prevent Google from placing a cookie on the data subject's IT system. In addition, a cookie already set by Google Analytics can be deleted at any time via the Internet browser or other software programmes.<\/p>\t\t\t\t\t\t\t\t<\/div>\n\t\t\t\t<\/div>\n\t\t\t\t<div class=\"elementor-element elementor-element-3c8e596c elementor-widget elementor-widget-text-editor\" data-id=\"3c8e596c\" data-element_type=\"widget\" data-e-type=\"widget\" data-widget_type=\"text-editor.default\">\n\t\t\t\t<div class=\"elementor-widget-container\">\n\t\t\t\t\t\t\t\t\tFurthermore, the data subject has the option of objecting to and preventing the collection of data generated by Google Analytics relating to the use of this website and the processing of this data by Google. To do this, the data subject must install a browser add-on under the link <a href=\"https:\/\/tools.google.com\/dlpage\/gaoptout\" target=\"_blank\" rel=\"nofollow noopener\">https:\/\/tools.google.com\/<wbr \/>dlpage\/<wbr \/>gaoptout<\/a> and install it. This browser add-on informs Google Analytics via JavaScript that no data and information on website visits may be transmitted to Google Analytics. The installation of the browser add-on is recognised by Google as an objection. If the data subject's IT system is deleted, formatted or reinstalled at a later date, the data subject must reinstall the browser add-on in order to deactivate Google Analytics. If the browser add-on is uninstalled or deactivated by the data subject or another person who is attributable to their sphere of control, it is possible to reinstall or reactivate the browser add-on.\t\t\t\t\t\t\t\t<\/div>\n\t\t\t\t<\/div>\n\t\t\t\t<div class=\"elementor-element elementor-element-64eac652 elementor-widget elementor-widget-text-editor\" data-id=\"64eac652\" data-element_type=\"widget\" data-e-type=\"widget\" data-widget_type=\"text-editor.default\">\n\t\t\t\t<div class=\"elementor-widget-container\">\n\t\t\t\t\t\t\t\t\tWeitere Informationen und die geltenden Datenschutzbestimmungen von Google k\u00f6nnen unter <a href=\"https:\/\/www.google.de\/intl\/de\/policies\/privacy\" target=\"_blank\" rel=\"nofollow noopener\">https:\/\/www.google.de\/<wbr \/>intl\/<wbr \/>de\/<wbr \/>policies\/<wbr \/>privacy<\/a> and under <a href=\"https:\/\/www.google.com\/analytics\/terms\/de.html\" target=\"_blank\" rel=\"nofollow noopener\">https:\/\/www.google.com\/<wbr \/>analytics\/<wbr \/>terms\/<wbr \/>de.html<\/a> can be retrieved. Google Analytics is available at this link <a href=\"https:\/\/www.google.com\/intl\/de_de\/analytics\" target=\"_blank\" rel=\"nofollow noopener\">https:\/\/www.google.com\/<wbr \/>intl\/<wbr \/>de_de\/<wbr \/>analytics<\/a> explained in more detail.\t\t\t\t\t\t\t\t<\/div>\n\t\t\t\t<\/div>\n\t\t\t\t<\/div>\n\t\t<div class=\"elementor-element elementor-element-14a6cae4 e-con-full e-flex e-con e-child\" data-id=\"14a6cae4\" data-element_type=\"container\" data-e-type=\"container\">\n\t\t\t\t<div class=\"elementor-element elementor-element-5c346d6a elementor-widget elementor-widget-heading\" data-id=\"5c346d6a\" data-element_type=\"widget\" data-e-type=\"widget\" data-widget_type=\"heading.default\">\n\t\t\t\t<div class=\"elementor-widget-container\">\n\t\t\t\t\t<h2 class=\"elementor-heading-title elementor-size-default\">Daten&shy;schutz&shy;bestimmungen zu Einsatz und Verwendung von Google Fonts (lokales Hosting)<\/h2>\t\t\t\t<\/div>\n\t\t\t\t<\/div>\n\t\t\t\t<div class=\"elementor-element elementor-element-1dcda40a elementor-widget elementor-widget-text-editor\" data-id=\"1dcda40a\" data-element_type=\"widget\" data-e-type=\"widget\" data-widget_type=\"text-editor.default\">\n\t\t\t\t<div class=\"elementor-widget-container\">\n\t\t\t\t\t\t\t\t\t<p>Diese Seite nutzt zur einheitlichen Darstellung von Schriftarten so genannte Google Fonts, die von Google bereitgestellt werden. Die Google Fonts sind lokal installiert. Eine Verbindung zu Servern von Google findet dabei nicht statt.<\/p>\t\t\t\t\t\t\t\t<\/div>\n\t\t\t\t<\/div>\n\t\t\t\t<div class=\"elementor-element elementor-element-4247948c elementor-widget elementor-widget-text-editor\" data-id=\"4247948c\" data-element_type=\"widget\" data-e-type=\"widget\" data-widget_type=\"text-editor.default\">\n\t\t\t\t<div class=\"elementor-widget-container\">\n\t\t\t\t\t\t\t\t\tWeitere Informationen zu Google Fonts finden Sie unter <a href=\"https:\/\/developers.google.com\/fonts\/faq\" target=\"_blank\" rel=\"nofollow noopener\">https:\/\/developers.google.com\/<wbr \/>fonts\/<wbr \/>faq<\/a> und in der Datenschutzerkl\u00e4rung von Google: <a href=\"https:\/\/policies.google.com\/privacy?hl=de\" target=\"_blank\" rel=\"nofollow noopener\">https:\/\/policies.google.com\/<wbr \/>privacy?hl=de<\/a>.\t\t\t\t\t\t\t\t<\/div>\n\t\t\t\t<\/div>\n\t\t\t\t<\/div>\n\t\t<div class=\"elementor-element elementor-element-1321ab6b e-con-full e-flex e-con e-child\" data-id=\"1321ab6b\" data-element_type=\"container\" data-e-type=\"container\">\n\t\t\t\t<div class=\"elementor-element elementor-element-307eaf4d elementor-widget elementor-widget-heading\" data-id=\"307eaf4d\" data-element_type=\"widget\" data-e-type=\"widget\" data-widget_type=\"heading.default\">\n\t\t\t\t<div class=\"elementor-widget-container\">\n\t\t\t\t\t<h2 class=\"elementor-heading-title elementor-size-default\">Daten&shy;schutz&shy;bestimmungen zu Einsatz und Verwendung von Google Maps<\/h2>\t\t\t\t<\/div>\n\t\t\t\t<\/div>\n\t\t\t\t<div class=\"elementor-element elementor-element-4d6d4746 elementor-widget elementor-widget-text-editor\" data-id=\"4d6d4746\" data-element_type=\"widget\" data-e-type=\"widget\" data-widget_type=\"text-editor.default\">\n\t\t\t\t<div class=\"elementor-widget-container\">\n\t\t\t\t\t\t\t\t\t<p>Die August Handel GmbH hat auf dieser Internetseite Google Maps integriert. Google Maps ist ein Online-Dienst, \u00fcber welchen Kartendaten, sowie damit verbundene Funktionen und Informationen, z.B. Routenplaner, bereitgestellt werden.<\/p>\t\t\t\t\t\t\t\t<\/div>\n\t\t\t\t<\/div>\n\t\t\t\t<div class=\"elementor-element elementor-element-6f3d3243 elementor-widget elementor-widget-text-editor\" data-id=\"6f3d3243\" data-element_type=\"widget\" data-e-type=\"widget\" data-widget_type=\"text-editor.default\">\n\t\t\t\t<div class=\"elementor-widget-container\">\n\t\t\t\t\t\t\t\t\t<p>Betreibergesellschaft der Google-Maps-Komponente ist die Google Ireland Limited, Gordon House, Barrow Street, Dublin, D04 E5W5, Ireland.<\/p>\t\t\t\t\t\t\t\t<\/div>\n\t\t\t\t<\/div>\n\t\t\t\t<div class=\"elementor-element elementor-element-2adca2af elementor-widget elementor-widget-text-editor\" data-id=\"2adca2af\" data-element_type=\"widget\" data-e-type=\"widget\" data-widget_type=\"text-editor.default\">\n\t\t\t\t<div class=\"elementor-widget-container\">\n\t\t\t\t\t\t\t\t\t<p>Der Zweck der Google-Maps-Komponente ist die Einbindung von interaktiven Karten auf unserer Internetseite. Google-Maps setzt ein Cookie auf dem informationstechnologischen System der betroffenen Person. Was Cookies sind, wurde oben bereits erl\u00e4utert. Mit der Setzung des Cookies wird der Alphabet Inc. eine Tracking der Benutzung unserer Internetseite der betroffenen Person erm\u00f6glicht. Durch jeden Aufruf einer der Einzelseiten dieser Internetseite, die durch den f\u00fcr die Verarbeitung Verantwortlichen betrieben wird und auf welcher eine Google-Maps-Komponente integriert wurde, wird der Internetbrowser auf dem informationstechnologischen System der betroffenen Person automatisch durch die jeweilige Google-Maps-Komponente veranlasst, Daten zum Zwecke der Online-Werbung und der Abrechnung von Provisionen an die Alphabet Inc. zu \u00fcbermitteln. Im Rahmen dieses technischen Verfahrens erh\u00e4lt die Alphabet Inc. Kenntnis \u00fcber personenbezogene Daten, wie der IP-Adresse der betroffenen Person, die der Alphabet Inc. unter anderem dazu dienen, die Herkunft der Besucher und Klicks nachzuvollziehen und in der Folge Provisionsabrechnungen zu erm\u00f6glichen.<\/p>\t\t\t\t\t\t\t\t<\/div>\n\t\t\t\t<\/div>\n\t\t\t\t<div class=\"elementor-element elementor-element-6d284fa elementor-widget elementor-widget-text-editor\" data-id=\"6d284fa\" data-element_type=\"widget\" data-e-type=\"widget\" data-widget_type=\"text-editor.default\">\n\t\t\t\t<div class=\"elementor-widget-container\">\n\t\t\t\t\t\t\t\t\t<p>The data subject may, as stated above, prevent the setting of cookies through our website at any time by means of a corresponding adjustment of the web browser used and thus permanently deny the setting of cookies. Such an adjustment to the Internet browser used would also prevent Alphabet Inc. from setting a cookie on the information technology system of the data subject. In addition, a cookie already set by Alphabet Inc. can be deleted at any time via the Internet browser or other software programmes.<\/p>\t\t\t\t\t\t\t\t<\/div>\n\t\t\t\t<\/div>\n\t\t\t\t<div class=\"elementor-element elementor-element-240c65be elementor-widget elementor-widget-text-editor\" data-id=\"240c65be\" data-element_type=\"widget\" data-e-type=\"widget\" data-widget_type=\"text-editor.default\">\n\t\t\t\t<div class=\"elementor-widget-container\">\n\t\t\t\t\t\t\t\t\t<p>\u00dcber Google Maps werden personenbezogene Daten und Informationen, was auch die IP-Adresse umfasst und zur Erfassung und Abrechnung der angezeigten Werbeanzeigen notwendig ist, an die Alphabet Inc. in die Vereinigten Staaten von Amerika \u00fcbertragen. Diese personenbezogenen Daten werden in den Vereinigten Staaten von Amerika gespeichert und verarbeitet. Die Alphabet Inc. gibt diese \u00fcber das technische Verfahren erhobenen personenbezogenen Daten unter Umst\u00e4nden an Dritte weiter.<\/p>\t\t\t\t\t\t\t\t<\/div>\n\t\t\t\t<\/div>\n\t\t\t\t<div class=\"elementor-element elementor-element-666d5657 elementor-widget elementor-widget-text-editor\" data-id=\"666d5657\" data-element_type=\"widget\" data-e-type=\"widget\" data-widget_type=\"text-editor.default\">\n\t\t\t\t<div class=\"elementor-widget-container\">\n\t\t\t\t\t\t\t\t\tWeitere Informationen und die geltenden Datenschutzbestimmungen von Google k\u00f6nnen unter <a href=\"https:\/\/www.google.de\/intl\/de\/policies\/privacy\" target=\"_blank\" rel=\"nofollow noopener\">https:\/\/www.google.de\/<wbr \/>intl\/<wbr \/>de\/<wbr \/>policies\/<wbr \/>privacy<\/a> abgerufen werden. Google-Maps wird unter diesem Link <a href=\"https:\/\/www.google.de\/intl\/de\/maps\/about\" target=\"_blank\" rel=\"nofollow noopener\">https:\/\/www.google.de\/<wbr \/>intl\/<wbr \/>de\/<wbr \/>maps\/<wbr \/>about<\/a> explained in more detail.\t\t\t\t\t\t\t\t<\/div>\n\t\t\t\t<\/div>\n\t\t\t\t<\/div>\n\t\t<div class=\"elementor-element elementor-element-5a051eb4 e-con-full e-flex e-con e-child\" data-id=\"5a051eb4\" data-element_type=\"container\" data-e-type=\"container\">\n\t\t\t\t<div class=\"elementor-element elementor-element-79327fb2 elementor-widget elementor-widget-heading\" data-id=\"79327fb2\" data-element_type=\"widget\" data-e-type=\"widget\" data-widget_type=\"heading.default\">\n\t\t\t\t<div class=\"elementor-widget-container\">\n\t\t\t\t\t<h2 class=\"elementor-heading-title elementor-size-default\">Daten&shy;schutz&shy;bestimmungen zu Einsatz und Verwendung von Google reCAPTCHA<\/h2>\t\t\t\t<\/div>\n\t\t\t\t<\/div>\n\t\t\t\t<div class=\"elementor-element elementor-element-427ce0a2 elementor-widget elementor-widget-text-editor\" data-id=\"427ce0a2\" data-element_type=\"widget\" data-e-type=\"widget\" data-widget_type=\"text-editor.default\">\n\t\t\t\t<div class=\"elementor-widget-container\">\n\t\t\t\t\t\t\t\t\t<p>Der f\u00fcr die August Handel GmbH hat auf dieser Internetseite Google reCAPTCHA integriert. Google reCAPTCHA ist ein Online-Dienst, der durch die Analyse des Nutzerverhaltens dem automatisierten Missbrauch von Kontaktm\u00f6glichkeiten (sogenannten Spam) entgegen wirken soll.<\/p>\t\t\t\t\t\t\t\t<\/div>\n\t\t\t\t<\/div>\n\t\t\t\t<div class=\"elementor-element elementor-element-7e27cc46 elementor-widget elementor-widget-text-editor\" data-id=\"7e27cc46\" data-element_type=\"widget\" data-e-type=\"widget\" data-widget_type=\"text-editor.default\">\n\t\t\t\t<div class=\"elementor-widget-container\">\n\t\t\t\t\t\t\t\t\t<p>Betreibergesellschaft der Google-reCAPTCHA-Komponente ist die Google Ireland Limited, Gordon House, Barrow Street, Dublin, D04 E5W5, Ireland.<\/p>\t\t\t\t\t\t\t\t<\/div>\n\t\t\t\t<\/div>\n\t\t\t\t<div class=\"elementor-element elementor-element-43b5050f elementor-widget elementor-widget-text-editor\" data-id=\"43b5050f\" data-element_type=\"widget\" data-e-type=\"widget\" data-widget_type=\"text-editor.default\">\n\t\t\t\t<div class=\"elementor-widget-container\">\n\t\t\t\t\t\t\t\t\t<p>Der Zweck der Google-reCAPTCHA-Komponente ist die Erkennung von automatisierten Systemen zum Missbrauch von Dateneingaben (z.B. Kontaktformular) und deren Unterbindung. Google-reCAPTCHA analysiert hierzu das Verhalten der betroffenen Person auf der Webseite anhand verschiedener Merkmale. Die Analyse begibbt automatisch sobald die betroffene Person eine Seite besucht, auf der die Google-reCAPTCHA-Komponente eingebunden ist. Die bei der Analyse erfassten Daten der betroffenen Person werden an Alphabet Inc. \u00fcbertragen. Durch jeden Aufruf einer der Einzelseiten dieser Internetseite, die durch den f\u00fcr die Verarbeitung Verantwortlichen betrieben wird und auf welcher eine Google-reCAPTCHA-Komponente integriert wurde, wird der Internetbrowser auf dem informationstechnologischen System der betroffenen Person automatisch durch die jeweilige Google-reCAPTCHA-Komponente veranlasst, Daten zum Zwecke der Verhaltensanalys an die Alphabet Inc. zu \u00fcbermitteln. Im Rahmen dieses technischen Verfahrens erh\u00e4lt die Alphabet Inc. Kenntnis \u00fcber personenbezogene Daten, wie z.B. der IP-Adresse der betroffenen Person, die der Alphabet Inc. unter anderem dazu dienen, die Herkunft der Besucher und Klicks nachzuvollziehen und in der Folge die Erkennung automatisierter Systeme zu erm\u00f6glichen. Die durch Google reCAPTCHA durchgef\u00fchrten Analysen laufen nach expliziter Zustimmung der betroffenen Person, teilweise auch ohne die betroffene Person ausdr\u00fccklich dar\u00fcber zu informieren.<\/p>\t\t\t\t\t\t\t\t<\/div>\n\t\t\t\t<\/div>\n\t\t\t\t<div class=\"elementor-element elementor-element-391d870c elementor-widget elementor-widget-text-editor\" data-id=\"391d870c\" data-element_type=\"widget\" data-e-type=\"widget\" data-widget_type=\"text-editor.default\">\n\t\t\t\t<div class=\"elementor-widget-container\">\n\t\t\t\t\t\t\t\t\tWeitere Informationen und die geltenden Datenschutzbestimmungen von Google k\u00f6nnen unter <a href=\"https:\/\/www.google.de\/intl\/de\/policies\/privacy\" target=\"_blank\" rel=\"nofollow noopener\">https:\/\/www.google.de\/<wbr \/>intl\/<wbr \/>de\/<wbr \/>policies\/<wbr \/>privacy<\/a> and under <a href=\"https:\/\/policies.google.com\/terms?hl=de\" target=\"_blank\" rel=\"nofollow noopener\">https:\/\/policies.google.com\/<wbr \/>terms?hl=de<\/a> abgerufen werden. Google reCAPTCHA wird unter diesem Link <a href=\"https:\/\/www.google.com\/recaptcha\/about\" target=\"_blank\" rel=\"nofollow noopener\">https:\/\/www.google.com\/<wbr \/>recaptcha\/<wbr \/>about<\/a> explained in more detail.\t\t\t\t\t\t\t\t<\/div>\n\t\t\t\t<\/div>\n\t\t\t\t<\/div>\n\t\t<div class=\"elementor-element elementor-element-67cb875 e-con-full e-flex e-con e-child\" data-id=\"67cb875\" data-element_type=\"container\" data-e-type=\"container\">\n\t\t\t\t<div class=\"elementor-element elementor-element-77f9995f elementor-widget elementor-widget-heading\" data-id=\"77f9995f\" data-element_type=\"widget\" data-e-type=\"widget\" data-widget_type=\"heading.default\">\n\t\t\t\t<div class=\"elementor-widget-container\">\n\t\t\t\t\t<h2 class=\"elementor-heading-title elementor-size-default\">Daten&shy;schutz&shy;bestimmungen zu Einsatz und Verwendung von YouTube<\/h2>\t\t\t\t<\/div>\n\t\t\t\t<\/div>\n\t\t\t\t<div class=\"elementor-element elementor-element-48c7b9f2 elementor-widget elementor-widget-text-editor\" data-id=\"48c7b9f2\" data-element_type=\"widget\" data-e-type=\"widget\" data-widget_type=\"text-editor.default\">\n\t\t\t\t<div class=\"elementor-widget-container\">\n\t\t\t\t\t\t\t\t\t<p>Der f\u00fcr die Verarbeitung Verantwortliche hat auf dieser Internetseite Komponenten von YouTube integriert. YouTube ist ein Internet-Videoportal, dass Video-Publishern das kostenlose Einstellen von Videoclips und anderen Nutzern die ebenfalls kostenfreie Betrachtung, Bewertung und Kommentierung dieser erm\u00f6glicht. YouTube gestattet die Publikation aller Arten von Videos, weshalb sowohl komplette Film- und Fernsehsendungen, aber auch Musikvideos, Trailer oder von Nutzern selbst angefertigte Videos \u00fcber das Internetportal abrufbar sind.<\/p>\t\t\t\t\t\t\t\t<\/div>\n\t\t\t\t<\/div>\n\t\t\t\t<div class=\"elementor-element elementor-element-78423274 elementor-widget elementor-widget-text-editor\" data-id=\"78423274\" data-element_type=\"widget\" data-e-type=\"widget\" data-widget_type=\"text-editor.default\">\n\t\t\t\t<div class=\"elementor-widget-container\">\n\t\t\t\t\t\t\t\t\t<p>Betreibergesellschaft von YouTube ist die Google Ireland Limited, Gordon House, Barrow Street, Dublin, D04 E5W5, Ireland.<\/p>\t\t\t\t\t\t\t\t<\/div>\n\t\t\t\t<\/div>\n\t\t\t\t<div class=\"elementor-element elementor-element-51981a69 elementor-widget elementor-widget-text-editor\" data-id=\"51981a69\" data-element_type=\"widget\" data-e-type=\"widget\" data-widget_type=\"text-editor.default\">\n\t\t\t\t<div class=\"elementor-widget-container\">\n\t\t\t\t\t\t\t\t\tDurch jeden Aufruf einer der Einzelseiten dieser Internetseite, die durch den f\u00fcr die Verarbeitung Verantwortlichen betrieben wird und auf welcher eine YouTube-Komponente (YouTube-Video) integriert wurde, wird der Internetbrowser auf dem informationstechnologischen System der betroffenen Person automatisch durch die jeweilige YouTube-Komponente veranlasst, eine Darstellung der entsprechenden YouTube-Komponente von YouTube herunterzuladen. Weitere Informationen zu YouTube k\u00f6nnen unter <a href=\"https:\/\/www.youtube.com\/yt\/about\/de\" target=\"_blank\" rel=\"nofollow noopener\">https:\/\/www.youtube.com\/<wbr \/>yt\/<wbr \/>about\/<wbr \/>de<\/a> abgerufen werden. Im Rahmen dieses technischen Verfahrens erhalten YouTube und Google Kenntnis dar\u00fcber, welche konkrete Unterseite unserer Internetseite durch die betroffene Person besucht wird.\t\t\t\t\t\t\t\t<\/div>\n\t\t\t\t<\/div>\n\t\t\t\t<div class=\"elementor-element elementor-element-562d4d77 elementor-widget elementor-widget-text-editor\" data-id=\"562d4d77\" data-element_type=\"widget\" data-e-type=\"widget\" data-widget_type=\"text-editor.default\">\n\t\t\t\t<div class=\"elementor-widget-container\">\n\t\t\t\t\t\t\t\t\t<p>Sofern die betroffene Person gleichzeitig bei YouTube eingeloggt ist, erkennt YouTube mit dem Aufruf einer Unterseite, die ein YouTube-Video enth\u00e4lt, welche konkrete Unterseite unserer Internetseite die betroffene Person besucht. Diese Informationen werden durch YouTube und Google gesammelt und dem jeweiligen YouTube-Account der betroffenen Person zugeordnet.<\/p>\t\t\t\t\t\t\t\t<\/div>\n\t\t\t\t<\/div>\n\t\t\t\t<div class=\"elementor-element elementor-element-64fc084c elementor-widget elementor-widget-text-editor\" data-id=\"64fc084c\" data-element_type=\"widget\" data-e-type=\"widget\" data-widget_type=\"text-editor.default\">\n\t\t\t\t<div class=\"elementor-widget-container\">\n\t\t\t\t\t\t\t\t\t<p>YouTube und Google erhalten \u00fcber die YouTube-Komponente immer dann eine Information dar\u00fcber, dass die betroffene Person unsere Internetseite besucht hat, wenn die betroffene Person zum Zeitpunkt des Aufrufs unserer Internetseite gleichzeitig bei YouTube eingeloggt ist; dies findet unabh\u00e4ngig davon statt, ob die betroffene Person ein YouTube-Video anklickt oder nicht. Ist eine derartige \u00dcbermittlung dieser Informationen an YouTube und Google von der betroffenen Person nicht gewollt, kann diese die \u00dcbermittlung dadurch verhindern, dass sie sich vor einem Aufruf unserer Internetseite aus ihrem YouTube-Account ausloggt.<\/p>\t\t\t\t\t\t\t\t<\/div>\n\t\t\t\t<\/div>\n\t\t\t\t<div class=\"elementor-element elementor-element-2b52e11f elementor-widget elementor-widget-text-editor\" data-id=\"2b52e11f\" data-element_type=\"widget\" data-e-type=\"widget\" data-widget_type=\"text-editor.default\">\n\t\t\t\t<div class=\"elementor-widget-container\">\n\t\t\t\t\t\t\t\t\tDie von YouTube ver\u00f6ffentlichten Datenschutzbestimmungen, die unter <a href=\"https:\/\/www.google.de\/intl\/de\/policies\/privacy\" target=\"_blank\" rel=\"nofollow noopener\">https:\/\/www.google.de\/<wbr \/>intl\/<wbr \/>de\/<wbr \/>policies\/<wbr \/>privacy<\/a> abrufbar sind, geben Aufschluss \u00fcber die Erhebung, Verarbeitung und Nutzung personenbezogener Daten durch YouTube und Google.\t\t\t\t\t\t\t\t<\/div>\n\t\t\t\t<\/div>\n\t\t\t\t<\/div>\n\t\t<div class=\"elementor-element elementor-element-299b750a e-con-full e-flex e-con e-child\" data-id=\"299b750a\" data-element_type=\"container\" data-e-type=\"container\">\n\t\t\t\t<div class=\"elementor-element elementor-element-5d773322 elementor-widget elementor-widget-heading\" data-id=\"5d773322\" data-element_type=\"widget\" data-e-type=\"widget\" data-widget_type=\"heading.default\">\n\t\t\t\t<div class=\"elementor-widget-container\">\n\t\t\t\t\t<h2 class=\"elementor-heading-title elementor-size-default\">Rechts&shy;grundlage der Verarbeitung<\/h2>\t\t\t\t<\/div>\n\t\t\t\t<\/div>\n\t\t\t\t<div class=\"elementor-element elementor-element-6df156ca elementor-widget elementor-widget-text-editor\" data-id=\"6df156ca\" data-element_type=\"widget\" data-e-type=\"widget\" data-widget_type=\"text-editor.default\">\n\t\t\t\t<div class=\"elementor-widget-container\">\n\t\t\t\t\t\t\t\t\t<p>Art. 6 I lit. a DS-GVO dient unserem Unternehmen als Rechtsgrundlage f\u00fcr Verarbeitungsvorg\u00e4nge, bei denen wir eine Einwilligung f\u00fcr einen bestimmten Verarbeitungszweck einholen. Ist die Verarbeitung personenbezogener Daten zur Erf\u00fcllung eines Vertrags, dessen Vertragspartei die betroffene Person ist, erforderlich, wie dies beispielsweise bei Verarbeitungsvorg\u00e4ngen der Fall ist, die f\u00fcr eine Lieferung von Waren oder die Erbringung einer sonstigen Leistung oder Gegenleistung notwendig sind, so beruht die Verarbeitung auf Art. 6 I lit. b DS-GVO. Gleiches gilt f\u00fcr solche Verarbeitungsvorg\u00e4nge die zur Durchf\u00fchrung vorvertraglicher Ma\u00dfnahmen erforderlich sind, etwa in F\u00e4llen von Anfragen zur unseren Produkten oder Leistungen. Unterliegt unser Unternehmen einer rechtlichen Verpflichtung durch welche eine Verarbeitung von personenbezogenen Daten erforderlich wird, wie beispielsweise zur Erf\u00fcllung steuerlicher Pflichten, so basiert die Verarbeitung auf Art. 6 I lit. c DS-GVO. In seltenen F\u00e4llen k\u00f6nnte die Verarbeitung von personenbezogenen Daten erforderlich werden, um lebenswichtige Interessen der betroffenen Person oder einer anderen nat\u00fcrlichen Person zu sch\u00fctzen. Dies w\u00e4re beispielsweise der Fall, wenn ein Besucher in unserem Betrieb verletzt werden w\u00fcrde und daraufhin sein Name, sein Alter, seine Krankenkassendaten oder sonstige lebenswichtige Informationen an einen Arzt, ein Krankenhaus oder sonstige Dritte weitergegeben werden m\u00fcssten. Dann w\u00fcrde die Verarbeitung auf Art. 6 I lit. d DS-GVO beruhen.<\/p>\t\t\t\t\t\t\t\t<\/div>\n\t\t\t\t<\/div>\n\t\t\t\t<div class=\"elementor-element elementor-element-3d93c212 elementor-widget elementor-widget-text-editor\" data-id=\"3d93c212\" data-element_type=\"widget\" data-e-type=\"widget\" data-widget_type=\"text-editor.default\">\n\t\t\t\t<div class=\"elementor-widget-container\">\n\t\t\t\t\t\t\t\t\t<p>Letztlich k\u00f6nnten Verarbeitungsvorg\u00e4nge auf Art. 6 I lit. f DS-GVO beruhen. Auf dieser Rechtsgrundlage basieren Verarbeitungsvorg\u00e4nge, die von keiner der vorgenannten Rechtsgrundlagen erfasst werden, wenn die Verarbeitung zur Wahrung eines berechtigten Interesses unseres Unternehmens oder eines Dritten erforderlich ist, sofern die Interessen, Grundrechte und Grundfreiheiten des Betroffenen nicht \u00fcberwiegen. Solche Verarbeitungsvorg\u00e4nge sind uns insbesondere deshalb gestattet, weil sie durch den Europ\u00e4ischen Gesetzgeber besonders erw\u00e4hnt wurden. Er vertrat insoweit die Auffassung, dass ein berechtigtes Interesse anzunehmen sein k\u00f6nnte, wenn die betroffene Person ein Kunde des Verantwortlichen ist (Erw\u00e4gungsgrund 47 Satz 2 DS-GVO).<\/p>\t\t\t\t\t\t\t\t<\/div>\n\t\t\t\t<\/div>\n\t\t\t\t<\/div>\n\t\t<div class=\"elementor-element elementor-element-1c4aff7e e-con-full e-flex e-con e-child\" data-id=\"1c4aff7e\" data-element_type=\"container\" data-e-type=\"container\">\n\t\t\t\t<div class=\"elementor-element elementor-element-2fcd2d9f elementor-widget elementor-widget-heading\" data-id=\"2fcd2d9f\" data-element_type=\"widget\" data-e-type=\"widget\" data-widget_type=\"heading.default\">\n\t\t\t\t<div class=\"elementor-widget-container\">\n\t\t\t\t\t<h2 class=\"elementor-heading-title elementor-size-default\">Berechtigte Interessen an der Verarbeitung, die von dem Verantwortlichen oder einem Dritten verfolgt werden<\/h2>\t\t\t\t<\/div>\n\t\t\t\t<\/div>\n\t\t\t\t<div class=\"elementor-element elementor-element-6e97e017 elementor-widget elementor-widget-text-editor\" data-id=\"6e97e017\" data-element_type=\"widget\" data-e-type=\"widget\" data-widget_type=\"text-editor.default\">\n\t\t\t\t<div class=\"elementor-widget-container\">\n\t\t\t\t\t\t\t\t\t<p>Where the processing of personal data is based on Article 6 I lit. f GDPR, our legitimate interest is the performance of our business activities for the benefit of the well-being of all our employees and our shareholders.<\/p>\t\t\t\t\t\t\t\t<\/div>\n\t\t\t\t<\/div>\n\t\t\t\t<\/div>\n\t\t<div class=\"elementor-element elementor-element-7e6dd87c e-con-full e-flex e-con e-child\" data-id=\"7e6dd87c\" data-element_type=\"container\" data-e-type=\"container\">\n\t\t\t\t<div class=\"elementor-element elementor-element-10cb1e82 elementor-widget elementor-widget-heading\" data-id=\"10cb1e82\" data-element_type=\"widget\" data-e-type=\"widget\" data-widget_type=\"heading.default\">\n\t\t\t\t<div class=\"elementor-widget-container\">\n\t\t\t\t\t<h2 class=\"elementor-heading-title elementor-size-default\">Dauer, f\u00fcr die die personenbezogenen Daten gespeichert werden<\/h2>\t\t\t\t<\/div>\n\t\t\t\t<\/div>\n\t\t\t\t<div class=\"elementor-element elementor-element-7160b475 elementor-widget elementor-widget-text-editor\" data-id=\"7160b475\" data-element_type=\"widget\" data-e-type=\"widget\" data-widget_type=\"text-editor.default\">\n\t\t\t\t<div class=\"elementor-widget-container\">\n\t\t\t\t\t\t\t\t\t<p>The criterion for the duration of the storage of personal data is the respective statutory retention period. After this period has expired, the corresponding data is routinely deleted, provided it is no longer required for contract fulfilment or contract initiation.<\/p>\t\t\t\t\t\t\t\t<\/div>\n\t\t\t\t<\/div>\n\t\t\t\t<\/div>\n\t\t<div class=\"elementor-element elementor-element-ba03e70 e-con-full e-flex e-con e-child\" data-id=\"ba03e70\" data-element_type=\"container\" data-e-type=\"container\">\n\t\t\t\t<div class=\"elementor-element elementor-element-6d0486c6 elementor-widget elementor-widget-heading\" data-id=\"6d0486c6\" data-element_type=\"widget\" data-e-type=\"widget\" data-widget_type=\"heading.default\">\n\t\t\t\t<div class=\"elementor-widget-container\">\n\t\t\t\t\t<h2 class=\"elementor-heading-title elementor-size-default\">Gesetzliche oder vertragliche Vorschriften zur Bereitstellung der personen&shy;bezogenen Daten; Erforderlichkeit f\u00fcr den Vertragsabschluss; Verpflichtung der betroffenen Person, die personen&shy;bezogenen Daten bereitzustellen; m\u00f6gliche Folgen der Nicht&shy;bereitstellung<\/h2>\t\t\t\t<\/div>\n\t\t\t\t<\/div>\n\t\t\t\t<div class=\"elementor-element elementor-element-7500e54c elementor-widget elementor-widget-text-editor\" data-id=\"7500e54c\" data-element_type=\"widget\" data-e-type=\"widget\" data-widget_type=\"text-editor.default\">\n\t\t\t\t<div class=\"elementor-widget-container\">\n\t\t\t\t\t\t\t\t\t<p>Wir kl\u00e4ren Sie dar\u00fcber auf, dass die Bereitstellung personenbezogener Daten zum Teil gesetzlich vorgeschrieben ist (z.B. Steuervorschriften) oder sich auch aus vertraglichen Regelungen (z.B. Angaben zum Vertragspartner) ergeben kann.<\/p>\t\t\t\t\t\t\t\t<\/div>\n\t\t\t\t<\/div>\n\t\t\t\t<div class=\"elementor-element elementor-element-33451272 elementor-widget elementor-widget-text-editor\" data-id=\"33451272\" data-element_type=\"widget\" data-e-type=\"widget\" data-widget_type=\"text-editor.default\">\n\t\t\t\t<div class=\"elementor-widget-container\">\n\t\t\t\t\t\t\t\t\t<p>Mitunter kann es zu einem Vertragsschluss erforderlich sein, dass eine betroffene Person uns personenbezogene Daten zur Verf\u00fcgung stellt, die in der Folge durch uns verarbeitet werden m\u00fcssen. Die betroffene Person ist beispielsweise verpflichtet uns personenbezogene Daten bereitzustellen, wenn unser Unternehmen mit ihr einen Vertrag abschlie\u00dft. Eine Nichtbereitstellung der personenbezogenen Daten h\u00e4tte zur Folge, dass der Vertrag mit dem Betroffenen nicht geschlossen werden k\u00f6nnte.<\/p>\t\t\t\t\t\t\t\t<\/div>\n\t\t\t\t<\/div>\n\t\t\t\t<div class=\"elementor-element elementor-element-2c65a448 elementor-widget elementor-widget-text-editor\" data-id=\"2c65a448\" data-element_type=\"widget\" data-e-type=\"widget\" data-widget_type=\"text-editor.default\">\n\t\t\t\t<div class=\"elementor-widget-container\">\n\t\t\t\t\t\t\t\t\t<p>Vor einer Bereitstellung personenbezogener Daten durch den Betroffenen muss sich der Betroffene an einen unserer Mitarbeiter wenden. Unser Mitarbeiter kl\u00e4rt den Betroffenen einzelfallbezogen dar\u00fcber auf, ob die Bereitstellung der personenbezogenen Daten gesetzlich oder vertraglich vorgeschrieben oder f\u00fcr den Vertragsabschluss erforderlich ist, ob eine Verpflichtung besteht, die personenbezogenen Daten bereitzustellen, und welche Folgen die Nichtbereitstellung der personenbezogenen Daten h\u00e4tte.<\/p>\t\t\t\t\t\t\t\t<\/div>\n\t\t\t\t<\/div>\n\t\t\t\t<\/div>\n\t\t<div class=\"elementor-element elementor-element-4868459f e-con-full e-flex e-con e-child\" data-id=\"4868459f\" data-element_type=\"container\" data-e-type=\"container\">\n\t\t\t\t<div class=\"elementor-element elementor-element-160a888c elementor-widget elementor-widget-heading\" data-id=\"160a888c\" data-element_type=\"widget\" data-e-type=\"widget\" data-widget_type=\"heading.default\">\n\t\t\t\t<div class=\"elementor-widget-container\">\n\t\t\t\t\t<h2 class=\"elementor-heading-title elementor-size-default\">Bestehen einer automatisierten Entscheidungs&shy;findung<\/h2>\t\t\t\t<\/div>\n\t\t\t\t<\/div>\n\t\t\t\t<div class=\"elementor-element elementor-element-3cb20a57 elementor-widget elementor-widget-text-editor\" data-id=\"3cb20a57\" data-element_type=\"widget\" data-e-type=\"widget\" data-widget_type=\"text-editor.default\">\n\t\t\t\t<div class=\"elementor-widget-container\">\n\t\t\t\t\t\t\t\t\t<p>As a responsible company, we do not use automated decision-making or profiling.<\/p>\t\t\t\t\t\t\t\t<\/div>\n\t\t\t\t<\/div>\n\t\t\t\t<div class=\"elementor-element elementor-element-73695b26 elementor-widget elementor-widget-text-editor\" data-id=\"73695b26\" data-element_type=\"widget\" data-e-type=\"widget\" data-widget_type=\"text-editor.default\">\n\t\t\t\t<div class=\"elementor-widget-container\">\n\t\t\t\t\t\t\t\t\t<p>Mitunter kann es zu einem Vertragsschluss erforderlich sein, dass eine betroffene Person uns personenbezogene Daten zur Verf\u00fcgung stellt, die in der Folge durch uns verarbeitet werden m\u00fcssen. Die betroffene Person ist beispielsweise verpflichtet uns personenbezogene Daten bereitzustellen, wenn unser Unternehmen mit ihr einen Vertrag abschlie\u00dft. Eine Nichtbereitstellung der personenbezogenen Daten h\u00e4tte zur Folge, dass der Vertrag mit dem Betroffenen nicht geschlossen werden k\u00f6nnte.<\/p>\t\t\t\t\t\t\t\t<\/div>\n\t\t\t\t<\/div>\n\t\t\t\t<div class=\"elementor-element elementor-element-2cc67a50 elementor-widget elementor-widget-text-editor\" data-id=\"2cc67a50\" data-element_type=\"widget\" data-e-type=\"widget\" data-widget_type=\"text-editor.default\">\n\t\t\t\t<div class=\"elementor-widget-container\">\n\t\t\t\t\t\t\t\t\t<p>Vor einer Bereitstellung personenbezogener Daten durch den Betroffenen muss sich der Betroffene an einen unserer Mitarbeiter wenden. Unser Mitarbeiter kl\u00e4rt den Betroffenen einzelfallbezogen dar\u00fcber auf, ob die Bereitstellung der personenbezogenen Daten gesetzlich oder vertraglich vorgeschrieben oder f\u00fcr den Vertragsabschluss erforderlich ist, ob eine Verpflichtung besteht, die personenbezogenen Daten bereitzustellen, und welche Folgen die Nichtbereitstellung der personenbezogenen Daten h\u00e4tte.<\/p>\t\t\t\t\t\t\t\t<\/div>\n\t\t\t\t<\/div>\n\t\t\t\t<\/div>\n\t\t<div class=\"elementor-element elementor-element-5583c50d e-con-full e-flex e-con e-child\" data-id=\"5583c50d\" data-element_type=\"container\" data-e-type=\"container\">\n\t\t\t\t<div class=\"elementor-element elementor-element-58dbeb2a elementor-widget elementor-widget-text-editor\" data-id=\"58dbeb2a\" data-element_type=\"widget\" data-e-type=\"widget\" data-widget_type=\"text-editor.default\">\n\t\t\t\t<div class=\"elementor-widget-container\">\n\t\t\t\t\t\t\t\t\tEntwickelt von den <a href=\"https:\/\/willing-able.com\" target=\"_blank\" rel=\"nofollow noopener\">Legal Tech<\/a> Spezialisten von Willing &#038; Able. Die Texte des Datenschutzerkl\u00e4rungs-Generators wurden von <a href=\"https:\/\/dg-datenschutz.de\" target=\"_blank\" rel=\"nofollow noopener\">Prof. Dr. h.c. Heiko Jonny Maniero<\/a> und Rechtsanwalt <a href=\"https:\/\/www.wbs-law.de\" target=\"_blank\" rel=\"nofollow noopener\">Christian Solmecke<\/a> erstellt und publiziert.\t\t\t\t\t\t\t\t<\/div>\n\t\t\t\t<\/div>\n\t\t\t\t<\/div>\n\t\t\t\t\t<\/div>\n\t\t\t\t<\/div>\n\t\t\t\t<\/div>","protected":false},"excerpt":{"rendered":"<p>Daten&shy;schutz&shy;erkl\u00e4rung Wir freuen uns sehr \u00fcber Ihr Interesse an unserem Unternehmen. Datenschutz hat einen besonders hohen Stellenwert f\u00fcr die Gesch\u00e4ftsleitung der August Handel GmbH. Eine Nutzung der Internetseiten der August Handel GmbH ist grunds\u00e4tzlich ohne jede Angabe personenbezogener Daten m\u00f6glich. Sofern eine betroffene Person besondere Services unseres Unternehmens \u00fcber unsere Internetseite in Anspruch nehmen m\u00f6chte, [&hellip;]<\/p>","protected":false},"author":1,"featured_media":0,"parent":0,"menu_order":0,"comment_status":"closed","ping_status":"closed","template":"","meta":{"_acf_changed":false,"footnotes":""},"class_list":["post-485","page","type-page","status-publish","hentry"],"acf":[],"_links":{"self":[{"href":"https:\/\/trommelberg.visionenmaler.de\/en\/wp-json\/wp\/v2\/pages\/485","targetHints":{"allow":["GET"]}}],"collection":[{"href":"https:\/\/trommelberg.visionenmaler.de\/en\/wp-json\/wp\/v2\/pages"}],"about":[{"href":"https:\/\/trommelberg.visionenmaler.de\/en\/wp-json\/wp\/v2\/types\/page"}],"author":[{"embeddable":true,"href":"https:\/\/trommelberg.visionenmaler.de\/en\/wp-json\/wp\/v2\/users\/1"}],"replies":[{"embeddable":true,"href":"https:\/\/trommelberg.visionenmaler.de\/en\/wp-json\/wp\/v2\/comments?post=485"}],"version-history":[{"count":0,"href":"https:\/\/trommelberg.visionenmaler.de\/en\/wp-json\/wp\/v2\/pages\/485\/revisions"}],"wp:attachment":[{"href":"https:\/\/trommelberg.visionenmaler.de\/en\/wp-json\/wp\/v2\/media?parent=485"}],"curies":[{"name":"wp","href":"https:\/\/api.w.org\/{rel}","templated":true}]}}